{"id":925,"date":"2023-08-14T23:14:49","date_gmt":"2023-08-14T21:14:49","guid":{"rendered":"https:\/\/w2.berzsenyicell.hu\/cbg\/?page_id=925"},"modified":"2023-09-06T22:13:00","modified_gmt":"2023-09-06T20:13:00","slug":"egykori-diakok-1960-tol-1969-ig","status":"publish","type":"page","link":"https:\/\/berzsenyicell.hu\/index.php\/az-iskola-multja\/egykori-diakok\/egykori-diakok-1960-tol-1969-ig\/","title":{"rendered":"Egykori di\u00e1kok 1960-t\u0151l 1969-ig"},"content":{"rendered":"\n<div class=\"wp-block-uagb-advanced-heading uagb-block-40bf5546\"><h2 class=\"uagb-heading-text\">Egykori di\u00e1kok<\/h2><\/div>\n\n\n\n<div class=\"wp-block-uagb-advanced-heading uagb-block-06665199\"><h2 class=\"uagb-heading-text\">1969<\/h2><\/div>\n\n\n\n<div class=\"wp-block-uagb-container uagb-block-66f7fe26 alignfull uagb-is-root-container\"><div class=\"uagb-container-inner-blocks-wrap\">\n<div class=\"wp-block-uagb-container uagb-block-72d57034\">\n<figure class=\"wp-block-embed is-type-photo is-provider-flickr wp-block-embed-flickr\"><div class=\"wp-block-embed__wrapper\">\n<a href=\"https:\/\/flic.kr\/p\/2oZGGhS\"><img loading=\"lazy\" decoding=\"async\" src=\"https:\/\/live.staticflickr.com\/65535\/53161521730_6b13d01983.jpg\" alt=\"1969_IVA\" width=\"500\" height=\"364\" \/><\/a>\n<\/div><\/figure>\n<\/div>\n\n\n\n<div class=\"wp-block-uagb-container uagb-block-b4356553\">\n<div class=\"wp-block-uagb-info-box uagb-block-f98b8829 uagb-infobox__content-wrap  uagb-infobox-icon-left uagb-infobox-left uagb-infobox-stacked-tablet uagb-infobox-image-valign-middle\"><div class=\"uagb-ifb-content\"><div class=\"uagb-ifb-title-wrap\"><h3 class=\"uagb-ifb-title\">1969 &#8211; IV.A<br>Oszt\u00e1lyf\u0151n\u00f6k: dr. T\u00e1rczy Mikl\u00f3sn\u00e9<\/h3><\/div><p class=\"uagb-ifb-desc\">Barti Erzs\u00e9bet, Egry Zsuzsanna, Farkas Ott\u00f3, Garas Edit, Gy\u0151rfy Zsuzsanna, Horv\u00e1th Zsuzsanna, Ill\u00e9s Aranka, Kar\u00e1di Erzs\u00e9bet Anna, Lendvai Katalin, Magyar Margit, Mayer Anna Sarolta, Mesterh\u00e1zy Korn\u00e9lia M\u00e1ria, Mestery Ilona, Moln\u00e1r L\u00e1szl\u00f3, Nagy M\u00e1ria Katalin, N\u00e9meth Be\u00e1ta \u00c1gnes, N\u00e9meth Zsuzsanna, \u0150ri Zsuzsanna, Petrovics \u00c9va, Pint\u00e9r Judit Marianna, P\u00f6rneczi \u00c1gnes, Somogyi Ilona, Szilasi Katalin, Tak\u00e1cs Katalin, Tischler Katalin, T\u00f3th M\u00e1ria Gy\u00f6ngyi, V\u0151csei \u00c1gnes<\/p><\/div><\/div>\n<\/div>\n<\/div><\/div>\n\n\n\n<div class=\"wp-block-uagb-container uagb-block-50e81713 alignfull uagb-is-root-container\"><div class=\"uagb-container-inner-blocks-wrap\">\n<div class=\"wp-block-uagb-container uagb-block-aaaa201a\">\n<figure class=\"wp-block-embed is-type-photo is-provider-flickr wp-block-embed-flickr\"><div class=\"wp-block-embed__wrapper\">\n<a href=\"https:\/\/flic.kr\/p\/2oZFzTa\"><img loading=\"lazy\" decoding=\"async\" src=\"https:\/\/live.staticflickr.com\/65535\/53161305059_24966479fc.jpg\" alt=\"1969_IVB\" width=\"500\" height=\"339\" \/><\/a>\n<\/div><\/figure>\n<\/div>\n\n\n\n<div class=\"wp-block-uagb-container uagb-block-657e9216\">\n<div class=\"wp-block-uagb-info-box uagb-block-b3175815 uagb-infobox__content-wrap  uagb-infobox-icon-left uagb-infobox-left uagb-infobox-stacked-tablet uagb-infobox-image-valign-middle\"><div class=\"uagb-ifb-content\"><div class=\"uagb-ifb-title-wrap\"><h3 class=\"uagb-ifb-title\">1969 &#8211; IV.B<br>Oszt\u00e1lyf\u0151n\u00f6k: Szab\u00f3 Alajos<\/h3><\/div><p class=\"uagb-ifb-desc\">Bagarus \u00c9va, Boros Ter\u00e9z M\u00e1ria, D\u00e9nes \u00c1gnes M\u00e1ria, D\u00e9nes \u00c9va Judit, D\u00f6b\u00f6rhegyi Ilona, F\u00e1bi\u00e1n Ferenc Imre, Feigl Lajos L\u00e1szl\u00f3, F\u00fcl\u00f6p Vilmos, Garay M\u00e1ria Gabriella, Kalm\u00e1r \u00c9va, Kiss Ter\u00e9z, Kosztol\u00e1nczi M\u00e1ria Gizella, Lamp\u00e9rt M\u00e1ria, Mar\u00e1czi G\u00e9za, Marton Vince, Moln\u00e1r Ir\u00e9n, M\u00f3rotz Lenke, Nagy K\u00e1lm\u00e1n Attila, Nagy M\u00e1ria, Nagy Veronika, N\u00e9meth Andr\u00e1s Imre, Nov\u00e1k Irma Korn\u00e9lia, Pajor Katalin M\u00e1ria, Persaits L\u00e1szl\u00f3, Romh\u00e1nyi Imre Gyula, R\u00f3zsa Imre, Sebesty\u00e9n Attila, Sebesty\u00e9n Ern\u0151, Sikos L\u00e1szl\u00f3 Csaba, So\u00f3s Jen\u0151 Mih\u00e1ly, Szab\u00f3 Istv\u00e1n L\u00e1szl\u00f3, Sz\u00fccs \u00c1rp\u00e1d, Ujtz Zsuzsanna Erzs\u00e9bet, Vajda Tibor Lajos, Varga S\u00e1ndor, Varga S\u00e1ndor K\u00e1roly, Vikmon Piroska<\/p><\/div><\/div>\n<\/div>\n<\/div><\/div>\n\n\n\n<div class=\"wp-block-uagb-container uagb-block-24c0efcf alignfull uagb-is-root-container\"><div class=\"uagb-container-inner-blocks-wrap\">\n<div class=\"wp-block-uagb-container uagb-block-6a8443b8\"><\/div>\n\n\n\n<div class=\"wp-block-uagb-container uagb-block-9c775e50\">\n<div class=\"wp-block-uagb-info-box uagb-block-dae3a333 uagb-infobox__content-wrap  uagb-infobox-icon-left uagb-infobox-left uagb-infobox-stacked-tablet uagb-infobox-image-valign-middle\"><div class=\"uagb-ifb-content\"><div class=\"uagb-ifb-title-wrap\"><h3 class=\"uagb-ifb-title\">1969 &#8211; IV.C<br>Oszt\u00e1lyf\u0151n\u00f6k: Balogh L\u00e1szl\u00f3<\/h3><\/div><p class=\"uagb-ifb-desc\">Balogh Endre S\u00e1ndor, Bogn\u00e1r Ferenc Zolt\u00e1n, Eszterg\u00e1lyos Elek Dezs\u0151, Farkas Emil, F\u00fcl\u00f6p Tibor, Heged\u0171s L\u00e1szl\u00f3 J\u00f3zsef, Hermann Gy\u00f6rgy, Horv\u00e1th J\u00f3zsef, Kir\u00e1ly L\u00e1szl\u00f3, Lamp\u00e9rt S\u00e1ndor, Marton Tam\u00e1s, Nagy Lajos, Nagy L\u00e1szl\u00f3, Schreiner L\u00e1szl\u00f3, Somogyi Jen\u0151 Csongor, Somogyi Ott\u00f3, Szab\u00f3 Mikl\u00f3s, Szarka \u00c1rp\u00e1d, Szili K\u00e1lm\u00e1n, T\u00f3th Alad\u00e1r, T\u00f6r\u00f6k S\u00e1ndor, T\u00fczes J\u00f3zsef, Vass Csaba L\u00e1szl\u00f3, V\u00e9gh Ferenc, V\u00f3rum Istv\u00e1n L\u00e1szl\u00f3, Zsigmond Ern\u0151<\/p><\/div><\/div>\n<\/div>\n<\/div><\/div>\n\n\n\n<div class=\"wp-block-uagb-advanced-heading uagb-block-6736e0b7\"><h2 class=\"uagb-heading-text\">1968<\/h2><\/div>\n\n\n\n<div class=\"wp-block-uagb-container uagb-block-4e3c2113 alignfull uagb-is-root-container\"><div class=\"uagb-container-inner-blocks-wrap\">\n<div class=\"wp-block-uagb-container uagb-block-7f348442\"><\/div>\n\n\n\n<div class=\"wp-block-uagb-container uagb-block-080cc9c7\">\n<div class=\"wp-block-uagb-info-box uagb-block-bae74aa4 uagb-infobox__content-wrap  uagb-infobox-icon-left uagb-infobox-left uagb-infobox-stacked-tablet uagb-infobox-image-valign-middle\"><div class=\"uagb-ifb-content\"><div class=\"uagb-ifb-title-wrap\"><h3 class=\"uagb-ifb-title\">1968 &#8211; IV.A<br>Oszt\u00e1lyf\u0151n\u00f6k: Marton J\u00f3zsef<\/h3><\/div><p class=\"uagb-ifb-desc\">Bartos Erzs\u00e9bet M\u00e1ria, Forintos M\u00e1ria Zsuzsanna, Gosztola Etelka Judit, Hajas Gyula B\u00e9la, H\u00e1l\u00f3 Edit L\u00edvia, Holpert Erzs\u00e9bet, Horv\u00e1th Kl\u00e1ra L\u00edvia, Horv\u00e1th Roz\u00e1lia, Kardos \u00c1rp\u00e1d, Kov\u00e1cs Ibolyka, K\u00f6v\u00e9r Ern\u0151 M\u00e1rk, K\u00f6ves S\u00e1ndor, Markos Ott\u00f3 L\u00e1szl\u00f3, Nagy Erzs\u00e9bet, N\u00e1dasi Ferenc, N\u00e9meth G\u00e9za, Sipos Piroska, Szab\u00f3 Erzs\u00e9bet, Szall\u00e1r Zolt\u00e1n, Szenes Roz\u00e1lia M\u00e1ria, T\u00f3th Jol\u00e1n, Tuboly Attila, Vajda Anik\u00f3 M\u00e1ria, Varga Ern\u0151 Antal, Varga L\u00e1szl\u00f3 Attila, Vir\u00e1gh Erzs\u00e9bet<\/p><\/div><\/div>\n<\/div>\n<\/div><\/div>\n\n\n\n<div class=\"wp-block-uagb-container uagb-block-808b029b alignfull uagb-is-root-container\"><div class=\"uagb-container-inner-blocks-wrap\">\n<div class=\"wp-block-uagb-container uagb-block-578d13b9\"><\/div>\n\n\n\n<div class=\"wp-block-uagb-container uagb-block-43f1090a\">\n<div class=\"wp-block-uagb-info-box uagb-block-41bb806d uagb-infobox__content-wrap  uagb-infobox-icon-left uagb-infobox-left uagb-infobox-stacked-tablet uagb-infobox-image-valign-middle\"><div class=\"uagb-ifb-content\"><div class=\"uagb-ifb-title-wrap\"><h3 class=\"uagb-ifb-title\">1968 &#8211; IV.B<br>Oszt\u00e1lyf\u0151n\u00f6k: Kikindai Gertrud<\/h3><\/div><p class=\"uagb-ifb-desc\">Cs\u00f3i Ir\u00e9n, D\u00e9v\u00e9nyi Judit, Fodor Judit, F\u00fcl\u00f6p \u00c9va, F\u0171zfa Ilona, Gell\u00e9rt Margit, Hajm\u00e1sy D\u00e9nes, Horv\u00e1th Gy\u00f6ngyi, Horv\u00e1th Ibolyka, Horv\u00e1th Katalin, H\u0151be Izabella, Jenei Martina, Lamp\u00e9rt \u00c9va, Lencs\u00e9s Erzs\u00e9bet, Lengyel L\u00e1szl\u00f3, Mar\u00e1czi Piroska, Nagy Veronika Erzs\u00e9bet, P\u00e1li Judit Erzs\u00e9bet, Pr\u00e9post Katalin, S\u00f6ptei M\u00e1ria, Szab\u00f3 Em\u00edlia, Tak\u00e1cs Jen\u0151, T\u00f3th \u00c9va Anna, Varga Istv\u00e1n, Vass Piroska \u00c9va, Vikman Ilona Anna, Zseli M\u00e1ria<\/p><\/div><\/div>\n<\/div>\n<\/div><\/div>\n\n\n\n<div class=\"wp-block-uagb-container uagb-block-fce727fe alignfull uagb-is-root-container\"><div class=\"uagb-container-inner-blocks-wrap\">\n<div class=\"wp-block-uagb-container uagb-block-4e9e5465\">\n<figure class=\"wp-block-embed is-type-photo is-provider-flickr wp-block-embed-flickr\"><div class=\"wp-block-embed__wrapper\">\n<a href=\"https:\/\/flic.kr\/p\/2oZH2dv\"><img loading=\"lazy\" decoding=\"async\" src=\"https:\/\/live.staticflickr.com\/65535\/53161585393_0c8520f21b.jpg\" alt=\"1968_IVC\" width=\"500\" height=\"361\" \/><\/a>\n<\/div><\/figure>\n<\/div>\n\n\n\n<div class=\"wp-block-uagb-container uagb-block-a4990e1e\">\n<div class=\"wp-block-uagb-info-box uagb-block-864113ff uagb-infobox__content-wrap  uagb-infobox-icon-left uagb-infobox-left uagb-infobox-stacked-tablet uagb-infobox-image-valign-middle\"><div class=\"uagb-ifb-content\"><div class=\"uagb-ifb-title-wrap\"><h3 class=\"uagb-ifb-title\">1968 &#8211; IV.C<br>Oszt\u00e1lyf\u0151n\u00f6k: T\u00f3th Gy\u00f6ngyi<\/h3><\/div><p class=\"uagb-ifb-desc\">Bartus \u00c9va Irma, Benk\u0151 M\u00e1ria, Bicz\u00f3 M\u00e1ria, Br\u00e1nyi Katalin, Collogn\u00e1th M\u00e1ria Be\u00e1ta, Ga\u00e1l Gizella Anna, Het\u00e9nyi \u00c9va M\u00e1ria, Kar\u00e1th Zsuzsanna, Kosztol\u00e1nczi M\u00e1ria, Kov\u00e1cs Al\u00edz Lenke, Lengyel G\u00e1bor, Luk\u00e1cs M\u00e1ria, Moln\u00e1r Margit, N\u00e9meth Sarolta Katalin, Sebesty\u00e9n Gy\u00f6ngyi M\u00e1rta, Sebesty\u00e9n Jol\u00e1n, Somogyi G\u00e9za J\u00f3zsef, So\u00f3s Ir\u00e9n, S\u00fcle Erzs\u00e9bet, Szab\u00f3 Gyula Tibor, Szab\u00f3 Julianna, Szab\u00f3 M\u00e1ria Erika, Szeleczky Erzs\u00e9bet, Tam\u00e1s Katalin, T\u00f6r\u00f6k Judit Magdolna, Zsiray \u00c9va<\/p><\/div><\/div>\n<\/div>\n<\/div><\/div>\n\n\n\n<div class=\"wp-block-uagb-container uagb-block-52d25b7e alignfull uagb-is-root-container\"><div class=\"uagb-container-inner-blocks-wrap\">\n<div class=\"wp-block-uagb-container uagb-block-c1c891d5\">\n<figure class=\"wp-block-embed is-type-photo is-provider-flickr wp-block-embed-flickr\"><div class=\"wp-block-embed__wrapper\">\n<a href=\"https:\/\/flic.kr\/p\/2oZGGev\"><img loading=\"lazy\" decoding=\"async\" src=\"https:\/\/live.staticflickr.com\/65535\/53161521535_54a94b58d9.jpg\" alt=\"1968_IVD\" width=\"407\" height=\"500\" \/><\/a>\n<\/div><\/figure>\n<\/div>\n\n\n\n<div class=\"wp-block-uagb-container uagb-block-eaa1f146\">\n<div class=\"wp-block-uagb-info-box uagb-block-9435612d uagb-infobox__content-wrap  uagb-infobox-icon-left uagb-infobox-left uagb-infobox-stacked-tablet uagb-infobox-image-valign-middle\"><div class=\"uagb-ifb-content\"><div class=\"uagb-ifb-title-wrap\"><h3 class=\"uagb-ifb-title\">1968 &#8211; IV.D<br>Oszt\u00e1lyf\u0151n\u00f6k: Kikindai Krist\u00f3fn\u00e9<\/h3><\/div><p class=\"uagb-ifb-desc\">Balogh L\u00e1szl\u00f3 Ern\u0151, Bel\u00e9nyes Bernadett, Bogn\u00e1r Erzs\u00e9bet Karolina, Budai L\u00e1szl\u00f3, Burj\u00e1n Tibor, Czuppon R\u00f3bert, Cs\u00f3t\u00e1r Anik\u00f3, Gregorich Ferenc Iv\u00e1n, Hal\u00e1sz Ervin, Horv\u00e1th \u00c1gnes, Horv\u00e1th Cec\u00edlia, Horv\u00e1th Gyula, Horv\u00e1th Roz\u00e1lia, Kaisinger Andr\u00e1s, Kiss Tam\u00e1s Lajos, Kov\u00e1cs Ibolya Aranka, K\u00f6rmendi K\u00e1lm\u00e1n, L\u00f3r\u00e1ntfy Zsuzsanna, Lukinits Kl\u00e1ra Erzs\u00e9bet, M\u00e9sz\u00e1ros M\u00e1rta Erzs\u00e9bet, Pet\u0151 \u00c1gota M\u00e1ria, Riczinger Zs\u00f3fia, S\u00e1ri Tibor J\u00f3zsef, S\u00fcle \u00c9va Aranka, Tarczi Ott\u00f3 K\u00e1roly, T\u00f3th Szabolcs, Vass Gy\u00f6rgyi Szilvia, Vathy Erzs\u00e9bet<\/p><\/div><\/div>\n<\/div>\n<\/div><\/div>\n\n\n\n<div class=\"wp-block-uagb-advanced-heading uagb-block-fa60a4c9\"><h2 class=\"uagb-heading-text\">1967<\/h2><\/div>\n\n\n\n<div class=\"wp-block-uagb-container uagb-block-80d576e7 alignfull uagb-is-root-container\"><div class=\"uagb-container-inner-blocks-wrap\">\n<div class=\"wp-block-uagb-container uagb-block-3766d5c2\">\n<figure class=\"wp-block-embed is-type-photo is-provider-flickr wp-block-embed-flickr\"><div class=\"wp-block-embed__wrapper\">\n<a href=\"https:\/\/flic.kr\/p\/2oZBuRT\"><img loading=\"lazy\" decoding=\"async\" src=\"https:\/\/live.staticflickr.com\/65535\/53160507717_d5233dd8d4.jpg\" alt=\"1967_IVA\" width=\"500\" height=\"354\" \/><\/a>\n<\/div><\/figure>\n<\/div>\n\n\n\n<div class=\"wp-block-uagb-container uagb-block-5dd9df66\">\n<div class=\"wp-block-uagb-info-box uagb-block-87d0bb1c uagb-infobox__content-wrap  uagb-infobox-icon-left uagb-infobox-left uagb-infobox-stacked-tablet uagb-infobox-image-valign-middle\"><div class=\"uagb-ifb-content\"><div class=\"uagb-ifb-title-wrap\"><h3 class=\"uagb-ifb-title\">1967 &#8211; IV.A<br>Oszt\u00e1lyf\u0151n\u00f6k: dr. T\u00e1rczy Mikl\u00f3sn\u00e9<\/h3><\/div><p class=\"uagb-ifb-desc\">Bart\u00f3k L\u00e1szl\u00f3, Benk\u0151 P\u00e9ter, Bogd\u00e1n J\u00e1nos, Bogn\u00e1r Etelka, D\u00e9nes Istv\u00e1n, D\u00e9nes Katalin, Erd\u00e9lyi Emma, Fridrich J\u00e1nos, Haj\u00f3s Magdolna, Hant\u00f3 Piroska Erzs\u00e9bet, Hant\u00f3 \u00c9va, J\u00e1nosa Gyula, J\u00f3zsa Judit, Keringer J\u00f3zsef L\u00e1szl\u00f3, Klaffl S\u00e1ndor, Kuczor M\u00e1ria, Nagy Istv\u00e1n, Nagy Istv\u00e1n, P\u00e1li K\u00e1lm\u00e1n, Pejk\u00f3 Zolt\u00e1n, Sebesty\u00e9n T\u00fcnde, Simon J\u00f3zsef, Somogyi L\u00e1szl\u00f3, Somogyi P\u00e9ter, Sz\u00e1nt\u00f3 Gyula, Tischler Ter\u00e9z, Wagner Val\u00e9ria, Zeleny Lajos, Zongor L\u00e1szl\u00f3<\/p><\/div><\/div>\n<\/div>\n<\/div><\/div>\n\n\n\n<div class=\"wp-block-uagb-container uagb-block-488bc361 alignfull uagb-is-root-container\"><div class=\"uagb-container-inner-blocks-wrap\">\n<div class=\"wp-block-uagb-container uagb-block-f43ea91d\"><\/div>\n\n\n\n<div class=\"wp-block-uagb-container uagb-block-7ce90383\">\n<div class=\"wp-block-uagb-info-box uagb-block-4d7dbbf6 uagb-infobox__content-wrap  uagb-infobox-icon-left uagb-infobox-left uagb-infobox-stacked-tablet uagb-infobox-image-valign-middle\"><div class=\"uagb-ifb-content\"><div class=\"uagb-ifb-title-wrap\"><h3 class=\"uagb-ifb-title\">1967 &#8211; IV.B<br>Oszt\u00e1lyf\u0151n\u00f6k: L\u00e9r\u00e1nt Ferenc<\/h3><\/div><p class=\"uagb-ifb-desc\">Baracskai Anna, Bar\u00e1th Ilona Olga, Berecz M\u00e1ria, Csabai L\u00edvia, Csorba Erzs\u00e9bet Borb\u00e1la, G\u0151cze Zsuzsanna Ir\u00e9n, Honti Ildik\u00f3, Horv\u00e1th Zsuzsanna, Kemenes Marianna, Kiss Emma, Kiss M\u00e1ria, Komj\u00e1thy Zsuzsanna M\u00e1ria, Kun Margit, Ligerfalvi Gy\u00f6rgy, Mesterh\u00e1zy S\u00e1ndor, Moln\u00e1r G\u00e1bor, M\u00f3ritz Roz\u00e1lia, Nagy Erzs\u00e9bet, N\u00e9meth Ferenc J\u00f3zsef, Sebesty\u00e9n Sarolta, Somogyi Erzs\u00e9bet, N\u00e9meth Ferenc J\u00f3zsef, Sebesty\u00e9n Sarolta, Somogyi Erzs\u00e9bet, Somogyi Ilona Vilma, Szab\u00f3 Gy\u00f6ngyike, T\u00f3th Gabriella, Ujtz Roz\u00e1lia Margit Erzs\u00e9bet<\/p><\/div><\/div>\n<\/div>\n<\/div><\/div>\n\n\n\n<div class=\"wp-block-uagb-container uagb-block-36c0b5e9 alignfull uagb-is-root-container\"><div class=\"uagb-container-inner-blocks-wrap\">\n<div class=\"wp-block-uagb-container uagb-block-e749852b\">\n<figure class=\"wp-block-embed is-type-photo is-provider-flickr wp-block-embed-flickr\"><div class=\"wp-block-embed__wrapper\">\n<a href=\"https:\/\/flic.kr\/p\/2oZEvbP\"><img loading=\"lazy\" decoding=\"async\" src=\"https:\/\/live.staticflickr.com\/65535\/53161094151_d72a6cc9c9.jpg\" alt=\"1967_IVC\" width=\"500\" height=\"375\" \/><\/a>\n<\/div><\/figure>\n<\/div>\n\n\n\n<div class=\"wp-block-uagb-container uagb-block-2d44bf3e\">\n<div class=\"wp-block-uagb-info-box uagb-block-e865f5cc uagb-infobox__content-wrap  uagb-infobox-icon-left uagb-infobox-left uagb-infobox-stacked-tablet uagb-infobox-image-valign-middle\"><div class=\"uagb-ifb-content\"><div class=\"uagb-ifb-title-wrap\"><h3 class=\"uagb-ifb-title\">1967 &#8211; IV.C<br>Oszt\u00e1lyf\u0151n\u00f6k: Varga Istv\u00e1nn\u00e9<\/h3><\/div><p class=\"uagb-ifb-desc\">Bal\u00e1zs Em\u00edlia, Barcza Erika, B\u00e9kefi B\u00e9la, B\u00f6d\u00f6r Tibor, Buz\u00e1s Zsuzsanna, De\u00e9 M\u00e1rta, Dobson \u00c9va, F\u00e1bi\u00e1n Roz\u00e1lia, F\u00e1bi\u00e1n Ter\u00e9zia, Farag\u00f3 Ir\u00e9n, Farkas Ir\u00e9n, Fodor Attila, F\u00fczesi L\u00e1szl\u00f3, Gy\u00f6rk\u00f6s Zsuzsanna, Horv\u00e1th Zsuzsanna, Kalm\u00e1r Zsuzsanna, Lamp\u00e9rt Hajnalka, Luk\u00e1cs Erzs\u00e9bet, Mar\u00f3ti J\u00f3zsef, Mike Izabella, Mike Judit, Nagy Judit, N\u00e9meth \u00c1kos, N\u00e9meth Gy\u00f6rgy, Pajor Erzs\u00e9bet, Sz\u00e1vai Zsuzsanna, T\u00f3th Jen\u0151 Istv\u00e1n, Varga Erzs\u00e9bet, Varga Erzs\u00e9bet<\/p><\/div><\/div>\n<\/div>\n<\/div><\/div>\n\n\n\n<div class=\"wp-block-uagb-container uagb-block-fd1a84ff alignfull uagb-is-root-container\"><div class=\"uagb-container-inner-blocks-wrap\">\n<div class=\"wp-block-uagb-container uagb-block-0ee7ab94\">\n<figure class=\"wp-block-embed is-type-photo is-provider-flickr wp-block-embed-flickr\"><div class=\"wp-block-embed__wrapper\">\n<a href=\"https:\/\/flic.kr\/p\/2oZH2A9\"><img loading=\"lazy\" decoding=\"async\" src=\"https:\/\/live.staticflickr.com\/65535\/53161586648_85f0fca2a1.jpg\" alt=\"1967_IVD\" width=\"500\" height=\"350\" \/><\/a>\n<\/div><\/figure>\n<\/div>\n\n\n\n<div class=\"wp-block-uagb-container uagb-block-20dc0276\">\n<div class=\"wp-block-uagb-info-box uagb-block-07e45220 uagb-infobox__content-wrap  uagb-infobox-icon-left uagb-infobox-left uagb-infobox-stacked-tablet uagb-infobox-image-valign-middle\"><div class=\"uagb-ifb-content\"><div class=\"uagb-ifb-title-wrap\"><h3 class=\"uagb-ifb-title\">1967 &#8211; IV.D<br>Oszt\u00e1lyf\u0151n\u00f6k: T\u00f3th Ign\u00e1c<\/h3><\/div><p class=\"uagb-ifb-desc\">Balogh Judit, Bed\u0151 M\u00e1ria Roz\u00e1lia, Bogn\u00e1r Gyula, Burj\u00e1n Ilona, Darvas Zsuzsanna Ir\u00e9n, Er\u0151ss Jen\u0151, Farkas \u00c9va, Kosztol\u00e1nczi J\u00e1nos, Lakatos M\u00e1ria, Luk\u00e1cs Erzs\u00e9bet, Makrai M\u00e1ria Ibolya, M\u00e1rton Gy\u00f6ngyi, M\u00e9sz\u00e1ros Katalin, Moln\u00e1r Borb\u00e1la, Moln\u00e1r Zsuzsanna, N\u00e9meth \u00c9va, P\u00e1lmai J\u00e1nos, Rozm\u00e1n M\u00e1ria Val\u00e9ria, Sz\u00e1nth\u00f3 Ilona, Tompa Zsolt, V\u00e1rfi Zsuzsanna, Vargyai L\u00e1szl\u00f3<\/p><\/div><\/div>\n<\/div>\n<\/div><\/div>\n\n\n\n<div class=\"wp-block-uagb-container uagb-block-1de35048 alignfull uagb-is-root-container\"><div class=\"uagb-container-inner-blocks-wrap\">\n<div class=\"wp-block-uagb-container uagb-block-fc9990fc\"><\/div>\n\n\n\n<div class=\"wp-block-uagb-container uagb-block-2581916c\">\n<div class=\"wp-block-uagb-info-box uagb-block-0866de78 uagb-infobox__content-wrap  uagb-infobox-icon-left uagb-infobox-left uagb-infobox-stacked-tablet uagb-infobox-image-valign-middle\"><div class=\"uagb-ifb-content\"><div class=\"uagb-ifb-title-wrap\"><h3 class=\"uagb-ifb-title\">1967 &#8211; IV.E<br>Oszt\u00e1lyf\u0151n\u00f6k: Nagy Erzs\u00e9bet<\/h3><\/div><p class=\"uagb-ifb-desc\">Cseszk\u00f3 S\u00e1ndor, Csite Antal, Csonka Erzs\u00e9bet, Ernhardt Benedek, F\u00fcl\u00f6p \u00c9va, F\u00fcl\u00f6p Katalin Ir\u00e9n, G\u00e1lovics Irma M\u00e1ria, Hanzs\u00e9r \u00c1gnes Erika, Horv\u00e1th L\u00e1szl\u00f3, H\u0151be M\u00e1ria Magdolna, Ill\u00e9s \u00c9va M\u00e1ria, Kasza Zsuzsanna Erzs\u00e9bet, K\u00f3si J\u00f3zsef, Mesterh\u00e1zi Gizella, Nov\u00e1k M\u00e1ria Magdolna, Orb\u00e1n Gyula, Rakos K\u00e1roly, Schreiner Piroska, Szab\u00f3 Endre, Szab\u00f3 Erika, Szenes J\u00f3zsef, Tamaska Elvira, T\u00f3th K\u00e1lm\u00e1n, Varga B\u00e9la, V\u00e9gh Magdolna<\/p><\/div><\/div>\n<\/div>\n<\/div><\/div>\n\n\n\n<div class=\"wp-block-uagb-advanced-heading uagb-block-5c46af4b\"><h2 class=\"uagb-heading-text\">1966<\/h2><\/div>\n\n\n\n<div class=\"wp-block-uagb-container uagb-block-0f552747 alignfull uagb-is-root-container\"><div class=\"uagb-container-inner-blocks-wrap\">\n<div class=\"wp-block-uagb-container uagb-block-c0494a21\">\n<figure class=\"wp-block-embed is-type-photo is-provider-flickr wp-block-embed-flickr\"><div class=\"wp-block-embed__wrapper\">\n<a href=\"https:\/\/flic.kr\/p\/2oZH2DR\"><img loading=\"lazy\" decoding=\"async\" src=\"https:\/\/live.staticflickr.com\/65535\/53161586863_cf70d95870.jpg\" alt=\"1966_IVA\" width=\"500\" height=\"391\" \/><\/a>\n<\/div><\/figure>\n<\/div>\n\n\n\n<div class=\"wp-block-uagb-container uagb-block-b87795f4\">\n<div class=\"wp-block-uagb-info-box uagb-block-a7b9e04f uagb-infobox__content-wrap  uagb-infobox-icon-left uagb-infobox-left uagb-infobox-stacked-tablet uagb-infobox-image-valign-middle\"><div class=\"uagb-ifb-content\"><div class=\"uagb-ifb-title-wrap\"><h3 class=\"uagb-ifb-title\">1966 &#8211; IV.A<br>Oszt\u00e1lyf\u0151n\u00f6k: Pribus Imre<\/h3><\/div><p class=\"uagb-ifb-desc\">B\u00e1lint Erika, B\u00e1ndi S\u00e1ndor, Bany\u00f3 Katalin, Berzsenyi Erzs\u00e9bet, Borhy M\u00e1ria, B\u00f6decs Etelka, Csorba Zolt\u00e1n, G\u00e1tai Erzs\u00e9bet, Gomb\u00e1si S\u00e1ndor, Haj\u00f3s Val\u00e9ria, Horv\u00e1th \u00c1gnes, Husz Ern\u0151, Kiss Ilona, Lamp\u00e9rt Zsuzsanna, Magyari Katalin, M\u00e1rton Ilona, Nagy Zsuzsanna, N\u00e9medi Katalin, N\u00e9meth K\u00e1lm\u00e1n, P\u00e1l \u00c9va, P\u00e1li Attila, S\u00e1ghy Gyula, S\u00e1gi Ilona, Sandli Gizella, Sass Katalin, Somogyi Ilona, S\u00fcle M\u00e1ria, Szegv\u00e1ri Irma, Tak\u00e1cs Ter\u00e9zia, Tam\u00e1s Judit, T\u00e1rczy Mikl\u00f3s, Varga Katalin, Vathy Piroska<\/p><\/div><\/div>\n<\/div>\n<\/div><\/div>\n\n\n\n<div class=\"wp-block-uagb-container uagb-block-4b4ed307 alignfull uagb-is-root-container\"><div class=\"uagb-container-inner-blocks-wrap\">\n<div class=\"wp-block-uagb-container uagb-block-cc7b0a3f\">\n<figure class=\"wp-block-embed is-type-photo is-provider-flickr wp-block-embed-flickr\"><div class=\"wp-block-embed__wrapper\">\n<a href=\"https:\/\/flic.kr\/p\/2oZEuYe\"><img loading=\"lazy\" decoding=\"async\" src=\"https:\/\/live.staticflickr.com\/65535\/53161093421_8770a47383.jpg\" alt=\"1966_IVB\" width=\"500\" height=\"364\" \/><\/a>\n<\/div><\/figure>\n<\/div>\n\n\n\n<div class=\"wp-block-uagb-container uagb-block-17f5351a\">\n<div class=\"wp-block-uagb-info-box uagb-block-fe9578b2 uagb-infobox__content-wrap  uagb-infobox-icon-left uagb-infobox-left uagb-infobox-stacked-tablet uagb-infobox-image-valign-middle\"><div class=\"uagb-ifb-content\"><div class=\"uagb-ifb-title-wrap\"><h3 class=\"uagb-ifb-title\">1966 &#8211; IV.B<br>Oszt\u00e1lyf\u0151n\u00f6k: Mar\u00f3ti J\u00f3zsefn\u00e9<\/h3><\/div><p class=\"uagb-ifb-desc\">Balogh Gy\u00f6ngyi, Barbai Ilona, B\u00f6r\u00f6ndy Ir\u00e9n, Brunner M\u00e1ria, Czuppon Roz\u00e1lia, Csupor Margit, D\u00e9nes L\u00e1szl\u00f3, D\u00f6b\u00f6rhegyi L\u00e1szl\u00f3, Erd\u0151si K\u00e1roly, Forintos Ferenc, F\u00fcl\u00f6p Katalin, Henye M\u00e1rta, Horv\u00e1th Erzs\u00e9bet, Horv\u00e1th Etelka, Horv\u00e1th M\u00e1ria, Iv\u00e1nyi Katalin, Juh\u00e1sz \u00c9va, Kiss Erzs\u00e9bet, Lamp\u00e9rt Erzs\u00e9bet, M\u00f3gor Zsuzsanna, R\u00f3zs\u00e1s M\u00e1ria, Saly Katalin, Sebesty\u00e9n Em\u00edlia, Sipos Tiham\u00e9r, Slusz Erzs\u00e9bet, Szab\u00f3 Roz\u00e1lia, Szab\u00f3 Zsuzsanna, Tall\u00e9r M\u00e1ria, Torm\u00e1si Erika, T\u00f6r\u00f6k M\u00e1ria, Varga Edit, Vass M\u00e1rta, Vincze Gyula<\/p><\/div><\/div>\n<\/div>\n<\/div><\/div>\n\n\n\n<div class=\"wp-block-uagb-container uagb-block-4085e606 alignfull uagb-is-root-container\"><div class=\"uagb-container-inner-blocks-wrap\">\n<div class=\"wp-block-uagb-container uagb-block-90e795fb\"><\/div>\n\n\n\n<div class=\"wp-block-uagb-container uagb-block-34815333\">\n<div class=\"wp-block-uagb-info-box uagb-block-0a1679c3 uagb-infobox__content-wrap  uagb-infobox-icon-left uagb-infobox-left uagb-infobox-stacked-tablet uagb-infobox-image-valign-middle\"><div class=\"uagb-ifb-content\"><div class=\"uagb-ifb-title-wrap\"><h3 class=\"uagb-ifb-title\">1966 &#8211; IV.C<br>Oszt\u00e1lyf\u0151n\u00f6k: Varga Istv\u00e1n<\/h3><\/div><p class=\"uagb-ifb-desc\">\u00c1brah\u00e1m Ferenc, Baj\u00e1n S\u00e1ra, Czig\u00e1ny Gyula, Csizmazia Korn\u00e9lia, Domj\u00e1n M\u00e1ria, D\u00f6rnyei Istv\u00e1n, Farkas M\u00e1rta, Fessler B\u00e9la, Fuxhoffer \u00c1rp\u00e1d, Heiner J\u00e1nos, Horv\u00e1th Imre, Horv\u00e1th Tibor, Jakab Ferenc, Jancs\u00f3 G\u00e1bor, Jank\u00f3 Zolt\u00e1n, Kert\u00e9sz J\u00f3zsef, Komj\u00e1thy Istv\u00e1n, Kov\u00e1cs J\u00f3zsef, L\u0151czi Zsuzsa, M\u00e1rkus L\u00e1szl\u00f3, M\u00f3rocz Cec\u00edlia, Nagy J\u00f3zsef, N\u00e9meth Lajos, N\u00e9meth Theod\u00f3ra, Orb\u00e1n Andr\u00e1s, \u0150ri M\u00e1ria, Papp Tibor, Polaczek Ildik\u00f3, Pusztai S\u00e1ndor, Romh\u00e1nyi Katalin, Szab\u00f3 P\u00e1l, Szalai G\u00e1bor, Szimedli J\u00f3zsef, Varga Katalin<\/p><\/div><\/div>\n<\/div>\n<\/div><\/div>\n\n\n\n<div class=\"wp-block-uagb-container uagb-block-becf329e alignfull uagb-is-root-container\"><div class=\"uagb-container-inner-blocks-wrap\">\n<div class=\"wp-block-uagb-container uagb-block-46495a6c\">\n<figure class=\"wp-block-embed is-type-photo is-provider-flickr wp-block-embed-flickr\"><div class=\"wp-block-embed__wrapper\">\n<a href=\"https:\/\/flic.kr\/p\/2oZBuNM\"><img loading=\"lazy\" decoding=\"async\" src=\"https:\/\/live.staticflickr.com\/65535\/53160507537_b9d711e78d.jpg\" alt=\"1966_IVD\" width=\"500\" height=\"354\" \/><\/a>\n<\/div><\/figure>\n<\/div>\n\n\n\n<div class=\"wp-block-uagb-container uagb-block-6616374e\">\n<div class=\"wp-block-uagb-info-box uagb-block-d4704312 uagb-infobox__content-wrap  uagb-infobox-icon-left uagb-infobox-left uagb-infobox-stacked-tablet uagb-infobox-image-valign-middle\"><div class=\"uagb-ifb-content\"><div class=\"uagb-ifb-title-wrap\"><h3 class=\"uagb-ifb-title\">1966 &#8211; IV.D<br>Oszt\u00e1lyf\u0151n\u00f6k: J\u00f3n\u00e1s M\u00e1rton<\/h3><\/div><p class=\"uagb-ifb-desc\">Baranyai Kl\u00e1ra, Berzsenyi Roz\u00e1lia, B\u00f3ka Istv\u00e1n, Cseh Ter\u00e9z, Csisz\u00e1r Erzs\u00e9bet, Csuka J\u00e1nos, F\u00e1bi\u00e1n Erzs\u00e9bet, Fony\u00f3 Judit, Gregorich M\u00e1rta, Horv\u00e1th Gyula, Horv\u00e1th Zsuzsanna, Iv\u00e1nkovics Erzs\u00e9bet, Kasza S\u00e1ndor, Kedves G\u00e1bor, Kiss Zsuzsanna, Kov\u00e1cs Anna, Kov\u00e1cs M\u00e1rta, Luk\u00e1cs Edit, M\u00e1rkus Katalin, Mesterh\u00e1zy \u00c9va, Moln\u00e1r Katalin, Moln\u00e1r M\u00e1ria, Nagy Anna, Nagy Imre, Orb\u00e1n M\u00e1ria, P\u00e1kozdi Vilmos, Papp \u00c9va, Princesz Erzs\u00e9bet, Radnai Attila, Somlai \u00c1gnes, Szele \u00c9va, Tak\u00e1cs Zolt\u00e1n, T\u00f3th Katalin, T\u00f6rkenczi Erzs\u00e9bet<\/p><\/div><\/div>\n<\/div>\n<\/div><\/div>\n\n\n\n<div class=\"wp-block-uagb-advanced-heading uagb-block-a255d10c\"><h2 class=\"uagb-heading-text\">1965<\/h2><\/div>\n\n\n\n<div class=\"wp-block-uagb-container uagb-block-570088de alignfull uagb-is-root-container\"><div class=\"uagb-container-inner-blocks-wrap\">\n<div class=\"wp-block-uagb-container uagb-block-99302fba\">\n<figure class=\"wp-block-embed is-type-photo is-provider-flickr wp-block-embed-flickr\"><div class=\"wp-block-embed__wrapper\">\n<a href=\"https:\/\/flic.kr\/p\/2oZFAkn\"><img loading=\"lazy\" decoding=\"async\" src=\"https:\/\/live.staticflickr.com\/65535\/53161306579_b7aeb39a9c.jpg\" alt=\"1965_IVA\" width=\"500\" height=\"407\" \/><\/a>\n<\/div><\/figure>\n<\/div>\n\n\n\n<div class=\"wp-block-uagb-container uagb-block-5f1e635e\">\n<div class=\"wp-block-uagb-info-box uagb-block-0b0b6fcd uagb-infobox__content-wrap  uagb-infobox-icon-left uagb-infobox-left uagb-infobox-stacked-tablet uagb-infobox-image-valign-middle\"><div class=\"uagb-ifb-content\"><div class=\"uagb-ifb-title-wrap\"><h3 class=\"uagb-ifb-title\">1965 &#8211; IV.A<br>Oszt\u00e1lyf\u0151n\u00f6k: Balogh L\u00e1szl\u00f3<\/h3><\/div><p class=\"uagb-ifb-desc\">Bed\u0151 Ibolya, Bejczi J\u00f3zsef, Bozzai L\u00e1szl\u00f3, Cs\u00f3i J\u00f3zsef, D\u00e9nes Erzs\u00e9bet, Dobos Zsuzsanna, Domonkos Etelka, Elekes Gyula Tibor, Feh\u00e9r Izabella, Hajdu M\u00e1ria Val\u00e9ria, Haraszthy Istv\u00e1n Ern\u0151, Horv\u00e1th Erzs\u00e9bet, Jo\u00f3 M\u00e1ria, Kosztol\u00e1nczi Anna, Kov\u00e1cs Erzs\u00e9bet, Mike Ern\u0151, Moln\u00e1r \u00c9va, Nagy K\u00e1roly, Nemes \u00c9va, N\u00e9meth Judit, N\u00e9meth Katalin, N\u00e9meth M\u00e1ria, P\u00e1l Marianna, Parragi Ilona, Polocs\u00e1nyi Katalin, Pr\u00e9post K\u00e1roly, S\u00e1ri Katalin, Sebesty\u00e9n J\u00f3zsef G\u00e1bor, Szulyok Istv\u00e1n, Szabadv\u00e1ri Erzs\u00e9bet Katalin, Szab\u00f3 Judit, Szalai Margit Ir\u00e9n, Tak\u00e1cs J\u00f3zsef, Tak\u00e1cs Lajos Zolt\u00e1n, T\u00f3th \u00c9va, V\u00e9gh Val\u00e9ria<\/p><\/div><\/div>\n<\/div>\n<\/div><\/div>\n\n\n\n<div class=\"wp-block-uagb-container uagb-block-7cc31963 alignfull uagb-is-root-container\"><div class=\"uagb-container-inner-blocks-wrap\">\n<div class=\"wp-block-uagb-container uagb-block-4dfaeb49\"><\/div>\n\n\n\n<div class=\"wp-block-uagb-container uagb-block-af37cca3\">\n<div class=\"wp-block-uagb-info-box uagb-block-2ab5a287 uagb-infobox__content-wrap  uagb-infobox-icon-left uagb-infobox-left uagb-infobox-stacked-tablet uagb-infobox-image-valign-middle\"><div class=\"uagb-ifb-content\"><div class=\"uagb-ifb-title-wrap\"><h3 class=\"uagb-ifb-title\">1965 &#8211; IV.B<br>Oszt\u00e1lyf\u0151n\u00f6k: Marton J\u00f3zsef<\/h3><\/div><p class=\"uagb-ifb-desc\">Balogh S\u00e1ndor J\u00f3zsef, Beliczky Ibolya Ilona, Berd\u00e1l M\u00e1ria, Bobay L\u00e1szl\u00f3, Borovszky \u00c9va Be\u00e1ta, Czir\u00f3k J\u00f3zsef, D\u00e9nes Katalin, Fazekas M\u00e1ria, Firisz Imre, Hanzs\u00e9r Elem\u00e9r, Horv\u00e1th \u00c1rp\u00e1d Tam\u00e1s, Iv\u00e1n P\u00e1l, Kajt\u00e1r Anna M\u00e1ria, Kov\u00e1cs J\u00f3zsef P\u00e9ter, Kov\u00e1cs M\u00e1ria, Lamp\u00e9rt Irma, M\u00e1rton Erzs\u00e9bet Ir\u00e9n, Megyeri Katalin, Mesterh\u00e1zy Zsuzsanna, Mesterh\u00e1zy Zsuzsanna, Mogyor\u00f3sy Korn\u00e9lia, Moln\u00e1r Anna, Moln\u00e1r Ilona, Nagy M\u00e1ria, Nagy Ter\u00e9zia, Nemes Andr\u00e1s, N\u00e9meth S\u00e1ndor Mikl\u00f3s, P\u00e1lyi Anna Lenke, Pongr\u00e1cz Katalin, Prikozorics Gy\u00f6rgy, Szeleczky Ildik\u00f3 Stef\u00e1nia, Tak\u00e1cs Roz\u00e1lia Kl\u00e1ra, Tarczi M\u00e1ria L\u00edvia \u00c9va, T\u00f3th Ferenc J\u00e1nos, V\u00f6r\u00f6s Katalin Ir\u00e9n<\/p><\/div><\/div>\n<\/div>\n<\/div><\/div>\n\n\n\n<div class=\"wp-block-uagb-container uagb-block-a95b6a03 alignfull uagb-is-root-container\"><div class=\"uagb-container-inner-blocks-wrap\">\n<div class=\"wp-block-uagb-container uagb-block-32d54037\">\n<figure class=\"wp-block-embed is-type-photo is-provider-flickr wp-block-embed-flickr\"><div class=\"wp-block-embed__wrapper\">\n<a href=\"https:\/\/flic.kr\/p\/2oZGGfY\"><img loading=\"lazy\" decoding=\"async\" src=\"https:\/\/live.staticflickr.com\/65535\/53161521620_4abc7a5cd1.jpg\" alt=\"1965_IVC\" width=\"500\" height=\"343\" \/><\/a>\n<\/div><\/figure>\n<\/div>\n\n\n\n<div class=\"wp-block-uagb-container uagb-block-fad83f76\">\n<div class=\"wp-block-uagb-info-box uagb-block-94eb2d4f uagb-infobox__content-wrap  uagb-infobox-icon-left uagb-infobox-left uagb-infobox-stacked-tablet uagb-infobox-image-valign-middle\"><div class=\"uagb-ifb-content\"><div class=\"uagb-ifb-title-wrap\"><h3 class=\"uagb-ifb-title\">1965 &#8211; IV.C<br>Oszt\u00e1lyf\u0151n\u00f6k: Szab\u00f3 Alajos<\/h3><\/div><p class=\"uagb-ifb-desc\">Baturin Andr\u00e1s \u00c1rp\u00e1d, B\u00edr\u00f3 Ildik\u00f3, Bogn\u00e1r L\u00e1szl\u00f3, Bolla Jol\u00e1n, B\u00f6r\u00f6cz M\u00e1rta, Burj\u00e1n Csaba Zolt\u00e1n, Deli Erzs\u00e9bet, Dravecz M\u00e1ria Ilona, Egerszegi Etelka, Enessey Imre G\u00e9za, Guly\u00e1s \u00c1gnes Kl\u00e1ra, Het\u00e9nyi Endre, Iv\u00e1n M\u00e1ria, Kert\u00e9sz K\u00e1lm\u00e1n, Koronczai Vilma, Kov\u00e1cs Ida Ilona, Kov\u00e1cs M\u00e1ria, L\u00e1bas L\u00e1szl\u00f3 Istv\u00e1n, Lencs\u00e9s Ilona, Moln\u00e1r Krisztina, Moln\u00e1r Lajos, Nagy G\u00e1bor, Nagy K\u00e1roly L\u00e1szl\u00f3, N\u00e9meth \u00c9va, N\u00e9meth S\u00e1ndor L\u00e1szl\u00f3, P\u00e1l M\u00e1rta, Somogyi \u00c1gnes, Szab\u00f3 Gizella, Szab\u00f3 Kl\u00e1ra, Szalai \u00c9va, Sz\u00e9p Etelka, Tompa K\u00e1lm\u00e1n, V\u00e1gv\u00f6lgyi M\u00e1rta M\u00e1ria, Vajda M\u00e1rta Judit, Varga L\u00e1szl\u00f3, Zsiray Judit Ilona<\/p><\/div><\/div>\n<\/div>\n<\/div><\/div>\n\n\n\n<div class=\"wp-block-uagb-advanced-heading uagb-block-0077fd36\"><h2 class=\"uagb-heading-text\">1964<\/h2><\/div>\n\n\n\n<div class=\"wp-block-uagb-container uagb-block-03f0bd97 alignfull uagb-is-root-container\"><div class=\"uagb-container-inner-blocks-wrap\">\n<div class=\"wp-block-uagb-container uagb-block-5572b484\"><\/div>\n\n\n\n<div class=\"wp-block-uagb-container uagb-block-4e56a50f\">\n<div class=\"wp-block-uagb-info-box uagb-block-2b0b2725 uagb-infobox__content-wrap  uagb-infobox-icon-left uagb-infobox-left uagb-infobox-stacked-tablet uagb-infobox-image-valign-middle\"><div class=\"uagb-ifb-content\"><div class=\"uagb-ifb-title-wrap\"><h3 class=\"uagb-ifb-title\">1964 &#8211; IV.A<br>Oszt\u00e1lyf\u0151n\u00f6k: So\u00f3s L\u00e1szl\u00f3<\/h3><\/div><p class=\"uagb-ifb-desc\">Balogh Ilona, Bar\u00e1th Jol\u00e1n, De\u00e9 Ern\u0151, Feh\u00e9r Val\u00e9ria, Gregorich Rita, Hirsch Jen\u0151, Imre Tibor, Koletta Sarolta, K\u00e1roly Brigitta, Kenedli Andr\u00e1s, Kiss Szabolcs, Kozma Ter\u00e9z, Linka Ferenc, Major Franciska, Mo\u00f3r Jol\u00e1n, N\u00e9meth Em\u00edlia, Pozsonyi Zsuzsanna, Rosta Ir\u00e9n Piroska, S\u00e1rk\u00e1ny Andr\u00e1s, Szab\u00f3 Erika, Szab\u00f3 Julianna, Szab\u00f3 K\u00e1roly, Szelestey L\u00e1szl\u00f3, Sz\u00edj\u00e1rt\u00f3 Tibor, Tak\u00e1cs L\u00e1szl\u00f3, T\u00f3th M\u00e1ria<\/p><\/div><\/div>\n<\/div>\n<\/div><\/div>\n\n\n\n<div class=\"wp-block-uagb-container uagb-block-290f603e alignfull uagb-is-root-container\"><div class=\"uagb-container-inner-blocks-wrap\">\n<div class=\"wp-block-uagb-container uagb-block-f0f819a6\"><\/div>\n\n\n\n<div class=\"wp-block-uagb-container uagb-block-2204169a\">\n<div class=\"wp-block-uagb-info-box uagb-block-70b3bb9f uagb-infobox__content-wrap  uagb-infobox-icon-left uagb-infobox-left uagb-infobox-stacked-tablet uagb-infobox-image-valign-middle\"><div class=\"uagb-ifb-content\"><div class=\"uagb-ifb-title-wrap\"><h3 class=\"uagb-ifb-title\">1964 &#8211; IV.B<br>Oszt\u00e1lyf\u0151n\u00f6k: Lenner J\u00f3zsef<\/h3><\/div><p class=\"uagb-ifb-desc\">\u00c1brah\u00e1m \u00c9va, \u00c1rva Erika, Bartos Lajos, B\u00edr\u00f3 Csilla, B\u00f6r\u00f6ndy \u00c9va, Csizmazia Katalin, Cs\u00f3t\u00e1r Csaba, Farkas Ir\u00e9n, G\u00f6r\u00f6g Kl\u00e1ra, Kar\u00e1th L\u00e1szl\u00f3, Kov\u00e1cs M\u00e1ria, Kov\u00e1cs Zsuzsanna, L\u00e1bas Imre, Mar\u00e1czi Ern\u0151, Mesterh\u00e1zi Ern\u0151, M\u00e9sz\u00e1ros Anna, Moln\u00e1r Erika, Nagy Ir\u00e9n, Nagy Piroska, Orb\u00e1n Zita, \u0150sze Vilma, S\u00e1ghy Jol\u00e1n, Szab\u00f3 Ilona, Szab\u00f3 Kl\u00e1ra Julianna, Szab\u00f3 Marianna, Szeiffert Endre, Szeleczky Marietta, Sz\u00e9lesi Ilona, Tak\u00e1cs S\u00e1ndor<\/p><\/div><\/div>\n<\/div>\n<\/div><\/div>\n\n\n\n<div class=\"wp-block-uagb-container uagb-block-d9dc42ac alignfull uagb-is-root-container\"><div class=\"uagb-container-inner-blocks-wrap\">\n<div class=\"wp-block-uagb-container uagb-block-a7b15516\">\n<figure class=\"wp-block-embed is-type-photo is-provider-flickr wp-block-embed-flickr\"><div class=\"wp-block-embed__wrapper\">\n<a href=\"https:\/\/flic.kr\/p\/2oZFzTv\"><img loading=\"lazy\" decoding=\"async\" src=\"https:\/\/live.staticflickr.com\/65535\/53161305079_0edde2cffd.jpg\" alt=\"1964_IVC\" width=\"500\" height=\"409\" \/><\/a>\n<\/div><\/figure>\n<\/div>\n\n\n\n<div class=\"wp-block-uagb-container uagb-block-3cbf3885\">\n<div class=\"wp-block-uagb-info-box uagb-block-800a7928 uagb-infobox__content-wrap  uagb-infobox-icon-left uagb-infobox-left uagb-infobox-stacked-tablet uagb-infobox-image-valign-middle\"><div class=\"uagb-ifb-content\"><div class=\"uagb-ifb-title-wrap\"><h3 class=\"uagb-ifb-title\">1964 &#8211; IV.C<br>Oszt\u00e1lyf\u0151n\u00f6k: Sasv\u00e1ri Erzs\u00e9bet<\/h3><\/div><p class=\"uagb-ifb-desc\">Alm\u00e1si P\u00e9ter, B\u00e1cskai S\u00e1ndor, Balogh M\u00e1ria, Bicz\u00f3 Ibolya, Bokor Ter\u00e9z, Borosty\u00e1n Cec\u00edlia, De\u00e1k \u00c9va, Dobson Imre, Erd\u0151 M\u00e1ria, G\u00e1tai M\u00e1ria, Hutter Tibor, Iv\u00e1nyi P\u00e9ter, Juh\u00e1sz M\u00e1ria, Kishalmi L\u00e1szl\u00f3, Kov\u00e1cs Judit, Kuthi L\u00e1szl\u00f3, Mar\u00e1czi Judit, Moln\u00e1r Ildik\u00f3, Moln\u00e1r J\u00f3zsef, Moln\u00e1r M\u00e1ria, N\u00e9meth Kl\u00e1ra, Ozoli Zolt\u00e1n, P\u00e9ntek J\u00f3zsef, Romh\u00e1nyi Margit, Schandl Zsuzsanna, Szab\u00f3 M\u00e1ria, Tak\u00e1cs M\u00e1ria, Ugrai M\u00e1ria, Varga Istv\u00e1n, Varga Judit<\/p><\/div><\/div>\n<\/div>\n<\/div><\/div>\n\n\n\n<div class=\"wp-block-uagb-advanced-heading uagb-block-a5e571da\"><h2 class=\"uagb-heading-text\">1963<\/h2><\/div>\n\n\n\n<div class=\"wp-block-uagb-container uagb-block-ce9825d2 alignfull uagb-is-root-container\"><div class=\"uagb-container-inner-blocks-wrap\">\n<div class=\"wp-block-uagb-container uagb-block-469b64e9\"><\/div>\n\n\n\n<div class=\"wp-block-uagb-container uagb-block-97ed04fd\">\n<div class=\"wp-block-uagb-info-box uagb-block-638fe9af uagb-infobox__content-wrap  uagb-infobox-icon-left uagb-infobox-left uagb-infobox-stacked-tablet uagb-infobox-image-valign-middle\"><div class=\"uagb-ifb-content\"><div class=\"uagb-ifb-title-wrap\"><h3 class=\"uagb-ifb-title\">1963 &#8211; IV.A<br>Oszt\u00e1lyf\u0151n\u00f6k: Varga Istv\u00e1nn\u00e9<\/h3><\/div><p class=\"uagb-ifb-desc\">Alm\u00e1si P\u00e9ter, B\u00e1cskai S\u00e1ndor, Balogh M\u00e1ria, Bicz\u00f3 Ibolya, Bokor Ter\u00e9z, Borosty\u00e1n Cec\u00edlia, De\u00e1k \u00c9va, Dobson Imre, Erd\u0151 M\u00e1ria, G\u00e1tai M\u00e1ria, Hutter Tibor, Iv\u00e1nyi P\u00e9ter, Juh\u00e1sz M\u00e1ria, Kishalmi L\u00e1szl\u00f3, Kov\u00e1cs Judit, Kuthi L\u00e1szl\u00f3, Mar\u00e1czi Judit, Moln\u00e1r Ildik\u00f3, Moln\u00e1r J\u00f3zsef, Moln\u00e1r M\u00e1ria, N\u00e9meth Kl\u00e1ra, Ozoli Zolt\u00e1n, P\u00e9ntek J\u00f3zsef, Romh\u00e1nyi Margit, Schandl Zsuzsanna, Szab\u00f3 M\u00e1ria, Tak\u00e1cs M\u00e1ria, Ugrai M\u00e1ria, Varga Istv\u00e1n, Varga Judit<\/p><\/div><\/div>\n<\/div>\n<\/div><\/div>\n\n\n\n<div class=\"wp-block-uagb-container uagb-block-3d83a699 alignfull uagb-is-root-container\"><div class=\"uagb-container-inner-blocks-wrap\">\n<div class=\"wp-block-uagb-container uagb-block-6e4ea71c\"><\/div>\n\n\n\n<div class=\"wp-block-uagb-container uagb-block-d68cb6e8\">\n<div class=\"wp-block-uagb-info-box uagb-block-8761b50f uagb-infobox__content-wrap  uagb-infobox-icon-left uagb-infobox-left uagb-infobox-stacked-tablet uagb-infobox-image-valign-middle\"><div class=\"uagb-ifb-content\"><div class=\"uagb-ifb-title-wrap\"><h3 class=\"uagb-ifb-title\">1963 &#8211; IV.B<br>Oszt\u00e1lyf\u0151n\u00f6k: N\u00e9meth Lajos<\/h3><\/div><p class=\"uagb-ifb-desc\">\u00c1rvai Ilona, Baranyi Imre, Bausz Katalin, Burj\u00e1n Ern\u0151, Cs\u00e1k\u00e1ny Be\u00e1ta M\u00e1ria, D\u00f6br\u00f6ntey Csilla, F\u00fczesi Istv\u00e1n, Ga\u00e1l Katalin, Gy\u0151ri Katalin, Hajas Ir\u00e9n, H\u00e9rincs Erzs\u00e9bet, Horv\u00e1th \u00c1gnes, J\u00f3kay Zsuzsanna, J\u00f3zsa Kl\u00e1ra, Kereki \u00c9va, Kiniczky Zsuzsanna, Kiss G\u00e1sp\u00e1r J\u00e1nos, L\u00f3r\u00e1ntffy M\u00e1ria, Makay Katalin, Mar\u00e1czi Lilla, M\u00e9sz\u00e1ros Ibolya, Moln\u00e1r Veronika, \u0150ri Ildik\u00f3, S\u00e1rk\u00e1ny Krisztina, Szal\u00f3ky Katalin, Szemenyei Margit, Tak\u00e1cs M\u00e1rta, T\u00f3th Istv\u00e1n<\/p><\/div><\/div>\n<\/div>\n<\/div><\/div>\n\n\n\n<div class=\"wp-block-uagb-container uagb-block-81cdbdbb alignfull uagb-is-root-container\"><div class=\"uagb-container-inner-blocks-wrap\">\n<div class=\"wp-block-uagb-container uagb-block-74cff7c6\"><\/div>\n\n\n\n<div class=\"wp-block-uagb-container uagb-block-891aae81\">\n<div class=\"wp-block-uagb-info-box uagb-block-8f35e1b2 uagb-infobox__content-wrap  uagb-infobox-icon-left uagb-infobox-left uagb-infobox-stacked-tablet uagb-infobox-image-valign-middle\"><div class=\"uagb-ifb-content\"><div class=\"uagb-ifb-title-wrap\"><h3 class=\"uagb-ifb-title\">1963 &#8211; IV.C<br>Oszt\u00e1lyf\u0151n\u00f6k: G\u00e1lh\u00e1zi Gyula<\/h3><\/div><p class=\"uagb-ifb-desc\">Ambrus Ilona, Borics Zita, Cseh Zsuzsanna, Firisz L\u00e1szl\u00f3, Geiger Imre, Heged\u0171s Judit, Hetesi B\u00e1lint, Holczer Margit, Horv\u00e1th Endre, Jakab Istv\u00e1n, J\u00e1rmy Szabolcs, Kiniczky M\u00e1ria, Kiss Anna, L\u00e1bas M\u00e1ria, Nagy Erzs\u00e9bet, Nagy K\u00e1lm\u00e1n, P\u0151d\u00f6r Ter\u00e9zia, Rosta Katalin, So\u00f3s \u00c9va, Szab\u00f3 Emma, Szab\u00f3 Ida, Szab\u00f3 Ir\u00e9n, Szab\u00f3 J\u00f3zsef, Szab\u00f3 S\u00e1ndor<\/p><\/div><\/div>\n<\/div>\n<\/div><\/div>\n\n\n\n<div class=\"wp-block-uagb-advanced-heading uagb-block-75f4565b\"><h2 class=\"uagb-heading-text\">1962<\/h2><\/div>\n\n\n\n<div class=\"wp-block-uagb-container uagb-block-96471994 alignfull uagb-is-root-container\"><div class=\"uagb-container-inner-blocks-wrap\">\n<div class=\"wp-block-uagb-container uagb-block-d3c40ae9\">\n<figure class=\"wp-block-embed is-type-photo is-provider-flickr wp-block-embed-flickr\"><div class=\"wp-block-embed__wrapper\">\n<a href=\"https:\/\/flic.kr\/p\/2oZBuSQ\"><img loading=\"lazy\" decoding=\"async\" src=\"https:\/\/live.staticflickr.com\/65535\/53160507772_683d09e930.jpg\" alt=\"1962_IVA\" width=\"500\" height=\"356\" \/><\/a>\n<\/div><\/figure>\n<\/div>\n\n\n\n<div class=\"wp-block-uagb-container uagb-block-586102d7\">\n<div class=\"wp-block-uagb-info-box uagb-block-109ef0b0 uagb-infobox__content-wrap  uagb-infobox-icon-left uagb-infobox-left uagb-infobox-stacked-tablet uagb-infobox-image-valign-middle\"><div class=\"uagb-ifb-content\"><div class=\"uagb-ifb-title-wrap\"><h3 class=\"uagb-ifb-title\">1962 &#8211; IV.A<br>Oszt\u00e1lyf\u0151n\u00f6k: Mar\u00f3ti J\u00f3zsefn\u00e9<\/h3><\/div><p class=\"uagb-ifb-desc\">Bella Attila Istv\u00e1n, Berecz Endre Levente, Csajb\u00f3k Ern\u0151 Elem\u00e9r, Gruber L\u00e1szl\u00f3 Csaba, Horv\u00e1th K\u00e1roly Imre, Kiniczki Ter\u00e9zia, Luk\u00e1cs J\u00f3zsef, Manderville \u00c9va, Mar\u00f3ti G\u00e1bor, N\u00e9meth Erzs\u00e9bet, N\u00e9meth Ibolya, N\u00e9meth Jol\u00e1n Gy\u00f6ngyi, P\u00e1lyi Istv\u00e1n, P\u00f6rneczi Erzs\u00e9bet, Somogyi Jol\u00e1n, Szeiffert \u00c9va, Szenes Endre, Varga Csaba S\u00e1ndor, Varga M\u00e1ria<\/p><\/div><\/div>\n<\/div>\n<\/div><\/div>\n\n\n\n<div class=\"wp-block-uagb-container uagb-block-379f5b7e alignfull uagb-is-root-container\"><div class=\"uagb-container-inner-blocks-wrap\">\n<div class=\"wp-block-uagb-container uagb-block-a31143a7\"><\/div>\n\n\n\n<div class=\"wp-block-uagb-container uagb-block-7f0d5afd\">\n<div class=\"wp-block-uagb-info-box uagb-block-0dbac0b0 uagb-infobox__content-wrap  uagb-infobox-icon-left uagb-infobox-left uagb-infobox-stacked-tablet uagb-infobox-image-valign-middle\"><div class=\"uagb-ifb-content\"><div class=\"uagb-ifb-title-wrap\"><h3 class=\"uagb-ifb-title\">1962 &#8211; IV.B<br>Oszt\u00e1lyf\u0151n\u00f6k: Varga Istv\u00e1n<\/h3><\/div><p class=\"uagb-ifb-desc\">Bogn\u00e1r Ilona M\u00e1ria, B\u0151sze Jen\u0151, Cseledi Ir\u00e9n, Csizmadia Anna, G\u00f6csei M\u00e1ria, G\u00f6mb\u00f6s Ferenc L\u00e1szl\u00f3, Horv\u00e1th Zsuzsanna, Horv\u00e1th M\u00e1ria, Huiber Judit, Ih\u00e1sz Bal\u00e1zs Andr\u00e1s, Kov\u00e1ts Istv\u00e1n, Kupovics G\u00e9za, Lenkai M\u00e1ria, Moln\u00e1r Ilona Erzs\u00e9bet, M\u00f3ritz Edit, Pint\u00e9r \u00c9va, Pr\u00e9post Tibor, Schandl Katalin M\u00e1ria, Sifter Lajos, Somlai Gyula, Somogyi Val\u00e9ria, Szab\u00f3 \u00c1gota, Vad\u00e1sz Zsuzsanna, Vass L\u00e1szl\u00f3<\/p><\/div><\/div>\n<\/div>\n<\/div><\/div>\n\n\n\n<div class=\"wp-block-uagb-container uagb-block-bf86526f alignfull uagb-is-root-container\"><div class=\"uagb-container-inner-blocks-wrap\">\n<div class=\"wp-block-uagb-container uagb-block-994d5538\">\n<figure class=\"wp-block-embed is-type-photo is-provider-flickr wp-block-embed-flickr\"><div class=\"wp-block-embed__wrapper\">\n<a href=\"https:\/\/flic.kr\/p\/2oZFA1p\"><img loading=\"lazy\" decoding=\"async\" src=\"https:\/\/live.staticflickr.com\/65535\/53161305479_be44701ff3.jpg\" alt=\"1962_IVC\" width=\"500\" height=\"365\" \/><\/a>\n<\/div><\/figure>\n<\/div>\n\n\n\n<div class=\"wp-block-uagb-container uagb-block-f42e3522\">\n<div class=\"wp-block-uagb-info-box uagb-block-bba92f4a uagb-infobox__content-wrap  uagb-infobox-icon-left uagb-infobox-left uagb-infobox-stacked-tablet uagb-infobox-image-valign-middle\"><div class=\"uagb-ifb-content\"><div class=\"uagb-ifb-title-wrap\"><h3 class=\"uagb-ifb-title\">1962 &#8211; IV.C<br>Oszt\u00e1lyf\u0151n\u00f6k: Pribus Imre<\/h3><\/div><p class=\"uagb-ifb-desc\">B\u00e1lint Attlia, Baracskai M\u00e1ria, Berkes Mikl\u00f3s Attila, Csizsmazia Erzs\u00e9bet, Egyed Lajos J\u00f3zsef, Erd\u00e9lyi Tibor, Ferenczi Tibor M\u00f3zes, Fessler Zolt\u00e1n, Kernya Piroska, Kov\u00e1cs Zsuzsanna, K\u0151r\u00f6ssy Tam\u00e1s Gy\u00f6rgy, Lacza Vilmos, Laki Margit, M\u00e1ty\u00e1s L\u00e1szl\u00f3, Nagy Anna, Nagy Ida, N\u00e9meth Gizella, N\u00e9meth Tam\u00e1s, Orb\u00e1n Anna, \u0150ri Gizella, Papp Anik\u00f3, Po\u00f3r Antal, Rosta \u00c9va, Sebesty\u00e9n Zolt\u00e1n K\u00e1lm\u00e1n, So\u00f3s Ildik\u00f3, T\u00e1los J\u00f3zsef, V\u00e1gi M\u00e1ria, V\u00e1mos R\u00f3zsa, Varga G\u00e1sp\u00e1r Gy\u00f6rgy, Vargyai G\u00e1bor, V\u00f6lgyesi Margit<\/p><\/div><\/div>\n<\/div>\n<\/div><\/div>\n\n\n\n<div class=\"wp-block-uagb-advanced-heading uagb-block-356cd6e0\"><h2 class=\"uagb-heading-text\">1961<\/h2><\/div>\n\n\n\n<div class=\"wp-block-uagb-container uagb-block-0e4712ea alignfull uagb-is-root-container\"><div class=\"uagb-container-inner-blocks-wrap\">\n<div class=\"wp-block-uagb-container uagb-block-a439bbce\"><\/div>\n\n\n\n<div class=\"wp-block-uagb-container uagb-block-f7fe6f01\">\n<div class=\"wp-block-uagb-info-box uagb-block-08949152 uagb-infobox__content-wrap  uagb-infobox-icon-left uagb-infobox-left uagb-infobox-stacked-tablet uagb-infobox-image-valign-middle\"><div class=\"uagb-ifb-content\"><div class=\"uagb-ifb-title-wrap\"><h3 class=\"uagb-ifb-title\">1961 &#8211; IV.A<br>Oszt\u00e1lyf\u0151n\u00f6k: Balogh L\u00e1szl\u00f3<\/h3><\/div><p class=\"uagb-ifb-desc\">Bicz\u00f3 Elem\u00e9r, Csizmazia Jol\u00e1n, Fekete Roz\u00e1lia, Figder S\u00e1ndor, F\u00f3th \u00c9va, Hetyei Sarolta, Holpert Katalin, Horv\u00e1th Ferenc, Horv\u00e1th Gabriella, Horv\u00e1th Gizella, Horv\u00e1th Ida, Horv\u00e1th Judit, Kov\u00e1cs Lajos, Lakos Imre L\u00e1szl\u00f3, Luk\u00e1cs Istv\u00e1n, Luk\u00e1cs Tibor, Mesterh\u00e1zy Anna, Moln\u00e1r Erzs\u00e9bet, Nagy Dezs\u0151, Nagy M\u00e1ria Ter\u00e9zia, N\u00e9meth Emil G\u00e9za, N\u00e9meth Katalin \u00c1gnes, Podolszky M\u00e1ria, Solovecz Lajos, Sifter Ferenc, Szal\u00f3ky Erika, Tarr M\u00e1ria Erzs\u00e9bet, T\u00f6r\u00f6k L\u00e1szl\u00f3, Varga Ter\u00e9z, Vass J\u00e1nos, Vida Ilona, Zsiray Ildik\u00f3<\/p><\/div><\/div>\n<\/div>\n<\/div><\/div>\n\n\n\n<div class=\"wp-block-uagb-container uagb-block-fba40b91 alignfull uagb-is-root-container\"><div class=\"uagb-container-inner-blocks-wrap\">\n<div class=\"wp-block-uagb-container uagb-block-b9690fb6\">\n<figure class=\"wp-block-embed is-type-photo is-provider-flickr wp-block-embed-flickr\"><div class=\"wp-block-embed__wrapper\">\n<a href=\"https:\/\/flic.kr\/p\/2oZGGsX\"><img loading=\"lazy\" decoding=\"async\" src=\"https:\/\/live.staticflickr.com\/65535\/53161522315_328089c124.jpg\" alt=\"1961_IVB\" width=\"500\" height=\"363\" \/><\/a>\n<\/div><\/figure>\n<\/div>\n\n\n\n<div class=\"wp-block-uagb-container uagb-block-28a7ffd4\">\n<div class=\"wp-block-uagb-info-box uagb-block-7c330906 uagb-infobox__content-wrap  uagb-infobox-icon-left uagb-infobox-left uagb-infobox-stacked-tablet uagb-infobox-image-valign-middle\"><div class=\"uagb-ifb-content\"><div class=\"uagb-ifb-title-wrap\"><h3 class=\"uagb-ifb-title\">1961 &#8211; IV.B<br>Oszt\u00e1lyf\u0151n\u00f6k: Szab\u00f3 Alajos<\/h3><\/div><p class=\"uagb-ifb-desc\">Albert Zsuzs\u00e1nna, Bar\u00e1th Lujza, Bausz J\u00f3zsef, Bicz\u00f3 J\u00e1nos, D\u00e9v\u00e9nyi \u00c9va, Edel\u00e9nyi Ildik\u00f3, Farkas Judit, F\u00e1bi\u00e1n Erzs\u00e9bet, Fony\u00f3 Angella, Garai Zolt\u00e1n, Garam Gy\u00f6ngyike, Gruber M\u00e1ria, Gy\u0151ri Imre, Gy\u0151rv\u00e1ri M\u00e1ria, Het\u00e9nyi L\u00e1szl\u00f3, Hetyei L\u00e1szl\u00f3, Horv\u00e1th L\u00e1szl\u00f3, Horv\u00e1th Roz\u00e1lia, Kaisinger J\u00f3zsef, K\u00e9ri Erzs\u00e9bet, Kov\u00e1cs Erzs\u00e9bet, Magyarlaki M\u00e1ria, Mar\u00e1czi Edit, Megyeri \u00c9va, Moln\u00e1r \u00c1gnes, Nagy K\u00e1lm\u00e1n, Nagy M\u00e1ria, Nagy Zolt\u00e1n, N\u00e9meth S\u00e1ndor, P\u00e1lyi Ir\u00e9n, Szab\u00f3 L\u00edvia, Szak\u00e1ly \u00c9va, Sz\u00fccs \u00c9va Katalin, Wendler Istv\u00e1n, Zala Ottilia<\/p><\/div><\/div>\n<\/div>\n<\/div><\/div>\n\n\n\n<div class=\"wp-block-uagb-container uagb-block-6c95c9c5 alignfull uagb-is-root-container\"><div class=\"uagb-container-inner-blocks-wrap\">\n<div class=\"wp-block-uagb-container uagb-block-838dec0d\">\n<figure class=\"wp-block-embed is-type-photo is-provider-flickr wp-block-embed-flickr\"><div class=\"wp-block-embed__wrapper\">\n<a href=\"https:\/\/flic.kr\/p\/2oZEv3T\"><img loading=\"lazy\" decoding=\"async\" src=\"https:\/\/live.staticflickr.com\/65535\/53161093691_63496ffb34.jpg\" alt=\"1961_IVC\" width=\"500\" height=\"365\" \/><\/a>\n<\/div><\/figure>\n<\/div>\n\n\n\n<div class=\"wp-block-uagb-container uagb-block-1bba1d1a\">\n<div class=\"wp-block-uagb-info-box uagb-block-a400b8f0 uagb-infobox__content-wrap  uagb-infobox-icon-left uagb-infobox-left uagb-infobox-stacked-tablet uagb-infobox-image-valign-middle\"><div class=\"uagb-ifb-content\"><div class=\"uagb-ifb-title-wrap\"><h3 class=\"uagb-ifb-title\">1961 &#8211; IV.C<br>Oszt\u00e1lyf\u0151n\u00f6k: Balogh L\u00e1szl\u00f3<\/h3><\/div><p class=\"uagb-ifb-desc\">\u00c1cs S\u00e1ndor, Csaba Zsuzsanna, Cs\u00e1k\u00e9ny Ferenc, Dorcsi M\u00e1ria, D\u00f6br\u00f6ntei Anik\u00f3, Ga\u00e1l Csaba, H\u00fclvely Magdolna, Kiss Roz\u00e1lia, Koll\u00e1th Magdolna, Kondor Gyula, Kov\u00e1cs Gyula, Kozma Magdolna, Kustos L\u00e1szl\u00f3, L\u00e1szl\u00f3 Gyula, Marton \u00c9va, Mesterh\u00e1zy Anik\u00f3, Nagy Julianna, N\u00e9meth M\u00e1ria, Polg\u00e1r J\u00f3zsef, S\u00fcle Ir\u00e9n, Varga Ir\u00e9n<\/p><\/div><\/div>\n<\/div>\n<\/div><\/div>\n\n\n\n<div class=\"wp-block-uagb-advanced-heading uagb-block-0af84993\"><h2 class=\"uagb-heading-text\">1960<\/h2><\/div>\n\n\n\n<div class=\"wp-block-uagb-container uagb-block-24e47b8b alignfull uagb-is-root-container\"><div class=\"uagb-container-inner-blocks-wrap\">\n<div class=\"wp-block-uagb-container uagb-block-e21b9c35\">\n<figure class=\"wp-block-embed is-type-photo is-provider-flickr wp-block-embed-flickr\"><div class=\"wp-block-embed__wrapper\">\n<a href=\"https:\/\/flic.kr\/p\/2oZFAaT\"><img loading=\"lazy\" decoding=\"async\" src=\"https:\/\/live.staticflickr.com\/65535\/53161306029_510ee08653.jpg\" alt=\"1960_IVA\" width=\"500\" height=\"363\" \/><\/a>\n<\/div><\/figure>\n<\/div>\n\n\n\n<div class=\"wp-block-uagb-container uagb-block-439660d1\">\n<div class=\"wp-block-uagb-info-box uagb-block-8db16fc8 uagb-infobox__content-wrap  uagb-infobox-icon-left uagb-infobox-left uagb-infobox-stacked-tablet uagb-infobox-image-valign-middle\"><div class=\"uagb-ifb-content\"><div class=\"uagb-ifb-title-wrap\"><h3 class=\"uagb-ifb-title\">1960 &#8211; IV.A<br>Oszt\u00e1lyf\u0151n\u00f6k: Marton J\u00f3zsef<\/h3><\/div><p class=\"uagb-ifb-desc\">Asb\u00f3th M\u00e1rta, Bartos Zsuzsanna, Bende Margit, Csat\u00e1ry Anik\u00f3, Haj\u00f3s Istv\u00e1n, Honos Attila, Horv\u00e1th B\u00e9la Gy\u00f6rgy, Horv\u00e1th B\u00e9la, Horv\u00e1th Jol\u00e1n, Horv\u00e1th Katalin, Horv\u00e1th Ter\u00e9zia, Jakab Ildik\u00f3, Kiss Judit, K\u00f6ll\u0151 M\u00e1ria, Laky Rezs\u0151, Magyar B\u00e9la, Mesterh\u00e1zy Gy\u00f6rgy, Mike Attila, Nagy Erika, Nagy \u00c9va, N\u00e9meth Gy\u00f6rgyi, N\u00e9meth Ilona, \u0150ssy Endre, Pongr\u00e1cz \u00c9va, Skult\u00e9ty G\u00e9za, So\u00f3s Attila, Szab\u00f3 Ilona, Szab\u00f3 Katalin, T\u00f3th Lajos, T\u00fcske L\u00e1szl\u00f3, Wendler L\u00e1szl\u00f3<\/p><\/div><\/div>\n<\/div>\n<\/div><\/div>\n\n\n\n<div class=\"wp-block-uagb-container uagb-block-ca2a3cb5 alignfull uagb-is-root-container\"><div class=\"uagb-container-inner-blocks-wrap\">\n<div class=\"wp-block-uagb-container uagb-block-3f1f08a1\">\n<figure class=\"wp-block-embed is-type-photo is-provider-flickr wp-block-embed-flickr\"><div class=\"wp-block-embed__wrapper\">\n<a href=\"https:\/\/flic.kr\/p\/2oZEvbt\"><img loading=\"lazy\" decoding=\"async\" src=\"https:\/\/live.staticflickr.com\/65535\/53161094131_98371577b2.jpg\" alt=\"1960_IVB\" width=\"500\" height=\"364\" \/><\/a>\n<\/div><\/figure>\n<\/div>\n\n\n\n<div class=\"wp-block-uagb-container uagb-block-8518a148\">\n<div class=\"wp-block-uagb-info-box uagb-block-0f27f5a2 uagb-infobox__content-wrap  uagb-infobox-icon-left uagb-infobox-left uagb-infobox-stacked-tablet uagb-infobox-image-valign-middle\"><div class=\"uagb-ifb-content\"><div class=\"uagb-ifb-title-wrap\"><h3 class=\"uagb-ifb-title\">1960 &#8211; IV.B<br>Oszt\u00e1lyf\u0151n\u00f6k: Balogh L\u00e1szl\u00f3<\/h3><\/div><p class=\"uagb-ifb-desc\">Balogh Istv\u00e1n, Bogn\u00e1r Ir\u00e9n M\u00e1rta, Csat\u00e1ri M\u00e1ria, Cseh Roz\u00e1lia, Csizmazia Ida, Csizmazia Ter\u00e9z, De\u00e9 Am\u00e1lia, Galler Emma Anna, Hatos Erzs\u00e9bet, Kiss L\u00e1szl\u00f3 J\u00e1nos, Kiss Roz\u00e1lia M\u00e1ria, Kiss S\u00e1ndor, Kocsis Piroska Gizella, K\u00e1yrell Magdolna M\u00e1rta, Kutasi Elvira Ir\u00e9n, Lendvai Katalin, Magdits Rudolf Rezs\u0151, M\u00f3ritz Marianna Erzs\u00e9bet, Nagy \u00c9va Judit, Tak\u00e1cs Eszter Roz\u00e1lia, Tompa M\u00e1ria Ter\u00e9zia, T\u00f3th Ilona, Vargyas Kl\u00e1ra Magdolna, Vass J\u00f3zsef K\u00e1lm\u00e1n<\/p><\/div><\/div>\n<\/div>\n<\/div><\/div>\n\n\n\n<div class=\"wp-block-uagb-container uagb-block-d928415d alignfull uagb-is-root-container\"><div class=\"uagb-container-inner-blocks-wrap\">\n<div class=\"wp-block-uagb-container uagb-block-7289afcf\"><\/div>\n\n\n\n<div class=\"wp-block-uagb-container uagb-block-04d90539\">\n<div class=\"wp-block-uagb-info-box uagb-block-dc81db73 uagb-infobox__content-wrap  uagb-infobox-icon-left uagb-infobox-left uagb-infobox-stacked-tablet uagb-infobox-image-valign-middle\"><div class=\"uagb-ifb-content\"><div class=\"uagb-ifb-title-wrap\"><h3 class=\"uagb-ifb-title\">1960 &#8211; IV.C<br>Oszt\u00e1lyf\u0151n\u00f6k: Baranyai Ilona<\/h3><\/div><p class=\"uagb-ifb-desc\">B\u00edr\u00f3 \u00c9va Erzs\u00e9bet, Bokor Margit, Gais Istv\u00e1n, Holpert Jol\u00e1n Ter\u00e9zia, Horv\u00e1th L\u00e1szl\u00f3 Istv\u00e1n, Kiniczky M\u00e1ria, Mesterh\u00e1zi S\u00e1ndor, Moln\u00e1r Ern\u0151 Attila, Patyi L\u00e1szl\u00f3, Pint\u00e9r Katalin Matild, P\u00f6rneczi L\u00e1szl\u00f3, Szalai Zolt\u00e1n, T\u00f3th Edit, Vad\u00e1sz J\u00f3zsef, Varga J\u00e1nos, Vincze Csaba, Volner L\u00e1szl\u00f3<\/p><\/div><\/div>\n<\/div>\n<\/div><\/div>\n","protected":false},"excerpt":{"rendered":"<p>Egykori di\u00e1kok 1969 1968 1967 1966 1965 1964 1963 1962 1961 1960<\/p>\n","protected":false},"author":1,"featured_media":0,"parent":869,"menu_order":70,"comment_status":"closed","ping_status":"closed","template":"","meta":{"_uag_custom_page_level_css":"","site-sidebar-layout":"default","site-content-layout":"","ast-site-content-layout":"default","site-content-style":"default","site-sidebar-style":"default","ast-global-header-display":"","ast-banner-title-visibility":"","ast-main-header-display":"","ast-hfb-above-header-display":"","ast-hfb-below-header-display":"","ast-hfb-mobile-header-display":"","site-post-title":"","ast-breadcrumbs-content":"","ast-featured-img":"","footer-sml-layout":"","ast-disable-related-posts":"","theme-transparent-header-meta":"default","adv-header-id-meta":"","stick-header-meta":"default","header-above-stick-meta":"","header-main-stick-meta":"","header-below-stick-meta":"","astra-migrate-meta-layouts":"set","ast-page-background-enabled":"default","ast-page-background-meta":{"desktop":{"background-color":"var(--ast-global-color-4)","background-image":"","background-repeat":"repeat","background-position":"center center","background-size":"auto","background-attachment":"scroll","background-type":"","background-media":"","overlay-type":"","overlay-color":"","overlay-opacity":"","overlay-gradient":""},"tablet":{"background-color":"","background-image":"","background-repeat":"repeat","background-position":"center center","background-size":"auto","background-attachment":"scroll","background-type":"","background-media":"","overlay-type":"","overlay-color":"","overlay-opacity":"","overlay-gradient":""},"mobile":{"background-color":"","background-image":"","background-repeat":"repeat","background-position":"center center","background-size":"auto","background-attachment":"scroll","background-type":"","background-media":"","overlay-type":"","overlay-color":"","overlay-opacity":"","overlay-gradient":""}},"ast-content-background-meta":{"desktop":{"background-color":"var(--ast-global-color-5)","background-image":"","background-repeat":"repeat","background-position":"center center","background-size":"auto","background-attachment":"scroll","background-type":"","background-media":"","overlay-type":"","overlay-color":"","overlay-opacity":"","overlay-gradient":""},"tablet":{"background-color":"var(--ast-global-color-5)","background-image":"","background-repeat":"repeat","background-position":"center center","background-size":"auto","background-attachment":"scroll","background-type":"","background-media":"","overlay-type":"","overlay-color":"","overlay-opacity":"","overlay-gradient":""},"mobile":{"background-color":"var(--ast-global-color-5)","background-image":"","background-repeat":"repeat","background-position":"center center","background-size":"auto","background-attachment":"scroll","background-type":"","background-media":"","overlay-type":"","overlay-color":"","overlay-opacity":"","overlay-gradient":""}},"footnotes":""},"class_list":["post-925","page","type-page","status-publish","hentry"],"uagb_featured_image_src":{"full":false,"thumbnail":false,"medium":false,"medium_large":false,"large":false,"1536x1536":false,"2048x2048":false},"uagb_author_info":{"display_name":"admin","author_link":"https:\/\/berzsenyicell.hu\/index.php\/author\/cbg_admin\/"},"uagb_comment_info":0,"uagb_excerpt":"Egykori di\u00e1kok 1969 1968 1967 1966 1965 1964 1963 1962 1961 1960","_links":{"self":[{"href":"https:\/\/berzsenyicell.hu\/index.php\/wp-json\/wp\/v2\/pages\/925","targetHints":{"allow":["GET"]}}],"collection":[{"href":"https:\/\/berzsenyicell.hu\/index.php\/wp-json\/wp\/v2\/pages"}],"about":[{"href":"https:\/\/berzsenyicell.hu\/index.php\/wp-json\/wp\/v2\/types\/page"}],"author":[{"embeddable":true,"href":"https:\/\/berzsenyicell.hu\/index.php\/wp-json\/wp\/v2\/users\/1"}],"replies":[{"embeddable":true,"href":"https:\/\/berzsenyicell.hu\/index.php\/wp-json\/wp\/v2\/comments?post=925"}],"version-history":[{"count":6,"href":"https:\/\/berzsenyicell.hu\/index.php\/wp-json\/wp\/v2\/pages\/925\/revisions"}],"predecessor-version":[{"id":1242,"href":"https:\/\/berzsenyicell.hu\/index.php\/wp-json\/wp\/v2\/pages\/925\/revisions\/1242"}],"up":[{"embeddable":true,"href":"https:\/\/berzsenyicell.hu\/index.php\/wp-json\/wp\/v2\/pages\/869"}],"wp:attachment":[{"href":"https:\/\/berzsenyicell.hu\/index.php\/wp-json\/wp\/v2\/media?parent=925"}],"curies":[{"name":"wp","href":"https:\/\/api.w.org\/{rel}","templated":true}]}}