{"id":911,"date":"2023-08-14T22:08:14","date_gmt":"2023-08-14T20:08:14","guid":{"rendered":"https:\/\/w2.berzsenyicell.hu\/cbg\/?page_id=911"},"modified":"2023-09-09T22:42:13","modified_gmt":"2023-09-09T20:42:13","slug":"egykori-diakok-1990-tol-1999-ig","status":"publish","type":"page","link":"https:\/\/berzsenyicell.hu\/index.php\/az-iskola-multja\/egykori-diakok\/egykori-diakok-1990-tol-1999-ig\/","title":{"rendered":"Egykori di\u00e1kok 1990-t\u0151l 1999-ig"},"content":{"rendered":"\n<div class=\"wp-block-uagb-advanced-heading uagb-block-227b7cf0\"><h1 class=\"uagb-heading-text\">Egykori di\u00e1kok<\/h1><\/div>\n\n\n\t\t\t\t<div class=\"wp-block-uagb-table-of-contents uagb-toc__align-left uagb-toc__columns-2  uagb-block-10368cd2      \"\n\t\t\t\t\tdata-scroll= \"1\"\n\t\t\t\t\tdata-offset= \"30\"\n\t\t\t\t\tstyle=\"\"\n\t\t\t\t>\n\t\t\t\t<div class=\"uagb-toc__wrap\">\n\t\t\t\t\t\t<div class=\"uagb-toc__title\">\n\t\t\t\t\t\t\tKattintson az \u00e9vre\t\t\t\t\t\t<\/div>\n\t\t\t\t\t\t\t\t\t\t\t\t\t\t\t\t\t\t\t\t\t\t<div class=\"uagb-toc__list-wrap \">\n\t\t\t\t\t\t<ol class=\"uagb-toc__list\"><li class=\"uagb-toc__list\"><a href=\"#1999\" class=\"uagb-toc-link__trigger\">1999<\/a><li class=\"uagb-toc__list\"><a href=\"#1998\" class=\"uagb-toc-link__trigger\">1998<\/a><li class=\"uagb-toc__list\"><a href=\"#1997\" class=\"uagb-toc-link__trigger\">1997<\/a><li class=\"uagb-toc__list\"><a href=\"#1996\" class=\"uagb-toc-link__trigger\">1996<\/a><li class=\"uagb-toc__list\"><a href=\"#1995\" class=\"uagb-toc-link__trigger\">1995<\/a><li class=\"uagb-toc__list\"><a href=\"#1994\" class=\"uagb-toc-link__trigger\">1994<\/a><li class=\"uagb-toc__list\"><a href=\"#1993\" class=\"uagb-toc-link__trigger\">1993<\/a><li class=\"uagb-toc__list\"><a href=\"#1992\" class=\"uagb-toc-link__trigger\">1992<\/a><li class=\"uagb-toc__list\"><a href=\"#1991\" class=\"uagb-toc-link__trigger\">1991<\/a><li class=\"uagb-toc__list\"><a href=\"#1990\" class=\"uagb-toc-link__trigger\">1990<\/a><\/ol>\t\t\t\t\t<\/div>\n\t\t\t\t\t\t\t\t\t<\/div>\n\t\t\t\t<\/div>\n\t\t\t\n\n\n<div class=\"wp-block-uagb-advanced-heading uagb-block-d8f87ec7\"><h2 class=\"uagb-heading-text\">1999<\/h2><\/div>\n\n\n\n<div class=\"wp-block-uagb-container uagb-block-4a4b03fa alignfull uagb-is-root-container\"><div class=\"uagb-container-inner-blocks-wrap\">\n<div class=\"wp-block-uagb-container uagb-block-da47ea49\">\n<figure class=\"wp-block-embed is-type-photo is-provider-flickr wp-block-embed-flickr\"><div class=\"wp-block-embed__wrapper\">\n<a href=\"https:\/\/flic.kr\/p\/2oZH8Ki\"><img loading=\"lazy\" decoding=\"async\" src=\"https:\/\/live.staticflickr.com\/65535\/53161607363_79e49e3340.jpg\" alt=\"1999_6-6\" width=\"500\" height=\"395\" \/><\/a>\n<\/div><\/figure>\n<\/div>\n\n\n\n<div class=\"wp-block-uagb-container uagb-block-5264ad2d\">\n<div class=\"wp-block-uagb-info-box uagb-block-cfe05cc0 uagb-infobox__content-wrap  uagb-infobox-icon-left uagb-infobox-left uagb-infobox-stacked-tablet uagb-infobox-image-valign-middle\"><div class=\"uagb-ifb-content\"><div class=\"uagb-ifb-title-wrap\"><h3 class=\"uagb-ifb-title\">1999 &#8211; 6\/6<br>Oszt\u00e1lyf\u0151n\u00f6k: Kiss Zsuzsanna<\/h3><\/div><p class=\"uagb-ifb-desc\">B\u00e1lint Vivien, Bar\u00e1th Tam\u00e1s, Borovszky Tam\u00e1s, B\u00f6r\u00f6cz Zolt\u00e1n, Czig\u00e1ny Judit, Csite L\u00e1szl\u00f3, Farkas G\u00e1bor, Gy\u0151r\u00f6k Katalin, Gy\u0151rv\u00e1ri G\u00e1bor, Hajba Tibor, Horv\u00e1th J\u00f3zsef, J\u00f3zsa Jetta, Kov\u00e1cs Ildik\u00f3, Kov\u00e1cs Veronika, N\u00e9meth Szilvia, Payr Anna, P\u00e9ter Anik\u00f3, Petr\u00f3 \u00c1d\u00e1m, Portschy Szabolcs, Szab\u00f3 Zolt\u00e1n, Szilv\u00e1gyi J\u00falia, Vass G\u00e1bor, Vinter Krisztina<\/p><\/div><\/div>\n<\/div>\n<\/div><\/div>\n\n\n\n<div class=\"wp-block-uagb-container uagb-block-5a1d7873 alignfull uagb-is-root-container\"><div class=\"uagb-container-inner-blocks-wrap\">\n<div class=\"wp-block-uagb-container uagb-block-4e10fe20\">\n<figure class=\"wp-block-embed is-type-photo is-provider-flickr wp-block-embed-flickr\"><div class=\"wp-block-embed__wrapper\">\n<a href=\"https:\/\/flic.kr\/p\/2oZH8Ko\"><img loading=\"lazy\" decoding=\"async\" src=\"https:\/\/live.staticflickr.com\/65535\/53161607368_555c0e7954.jpg\" alt=\"1999_IVA\" width=\"500\" height=\"408\" \/><\/a>\n<\/div><\/figure>\n<\/div>\n\n\n\n<div class=\"wp-block-uagb-container uagb-block-e35e4369\">\n<div class=\"wp-block-uagb-info-box uagb-block-f98b8829 uagb-infobox__content-wrap  uagb-infobox-icon-left uagb-infobox-left uagb-infobox-stacked-tablet uagb-infobox-image-valign-middle\"><div class=\"uagb-ifb-content\"><div class=\"uagb-ifb-title-wrap\"><h3 class=\"uagb-ifb-title\">1999 &#8211; IV.A<br>Oszt\u00e1lyf\u0151n\u00f6k: Vinter J\u00f3zsefn\u00e9<\/h3><\/div><p class=\"uagb-ifb-desc\">Balogh Bibi\u00e1na, Bed\u0151 Erika, Bicz\u00f3 B\u00e1lint, Cs\u00e1sz\u00e1r Adrienn, Csizmazia G\u00e1bor, Dezs\u0151 Rita, Dittman Gergely, Dobson Eszter, Farag\u00f3 Ferenc, Farag\u00f3 Szabolcs, Hanzs\u00e9r Csaba, Holczer Helga, Imre Be\u00e1ta, Kiss Lilla, Kiss N\u00f3ra, Kov\u00e1cs Kitti, K\u00f6rmendi Eszter, Lendvay G\u00e1bor, Marton Tam\u00e1s, Mike Zsuzsanna, Ob\u00e1r M\u00e1rta, P\u00e1zsi Be\u00e1ta, Somogyi \u00c1kos, Somogyi G\u00e1bor, Somogyi Lilla, Szaniszl\u00f3 Attila, Sz\u00e1nt\u00f3 Adrienn, T\u0151ke G\u00e1bor, Varga Julietta, Vass Bernadett<\/p><\/div><\/div>\n<\/div>\n<\/div><\/div>\n\n\n\n<div class=\"wp-block-uagb-container uagb-block-82a3dd88 alignfull uagb-is-root-container\"><div class=\"uagb-container-inner-blocks-wrap\">\n<div class=\"wp-block-uagb-container uagb-block-7e8decdb\">\n<figure class=\"wp-block-embed is-type-photo is-provider-flickr wp-block-embed-flickr\"><div class=\"wp-block-embed__wrapper\">\n<a href=\"https:\/\/flic.kr\/p\/2oZEBqY\"><img loading=\"lazy\" decoding=\"async\" src=\"https:\/\/live.staticflickr.com\/65535\/53161115156_221438dcfa.jpg\" alt=\"1999_IVB\" width=\"500\" height=\"373\" \/><\/a>\n<\/div><\/figure>\n<\/div>\n\n\n\n<div class=\"wp-block-uagb-container uagb-block-98f5916f\">\n<div class=\"wp-block-uagb-info-box uagb-block-a0c925a3 uagb-infobox__content-wrap  uagb-infobox-icon-left uagb-infobox-left uagb-infobox-stacked-tablet uagb-infobox-image-valign-middle\"><div class=\"uagb-ifb-content\"><div class=\"uagb-ifb-title-wrap\"><h3 class=\"uagb-ifb-title\">1999 &#8211; IV.B<br>Oszt\u00e1lyf\u0151n\u00f6k: Ozorain\u00e9 Gyarmati Magdolna<\/h3><\/div><p class=\"uagb-ifb-desc\">Barcza Adrienn, Boldizs\u00e1r Edina, Cs\u00f3t\u00e1r Andrea, G\u00f6r\u00f6g Bal\u00e1zs, Hajas Andr\u00e1s, Imreh No\u00e9mi, Iv\u00e1n Henrietta, Jankovics Adrienn, J\u00e1nosa P\u00e9ter, Kerekes Andrea, Kiss Csaba, Kov\u00e1cs Katalin, K\u00f3bor Katalin, K\u00f6rmendi Katalin, Kutasi Kamilla, Mez\u0151 Norbert, Moln\u00e1r Szabolcs, Nagy G\u00e1bor, N\u00e9meth Melinda, Papp Henrik, P\u00f3cza Bernadett, P\u00f3cza Timea, Rosta Bal\u00e1zs, R\u00f3zsa T\u00fcnde, Sterba Gr\u00e9ta, Szal\u00f3ky Csilla, T\u00f3th Mariann<\/p><\/div><\/div>\n<\/div>\n<\/div><\/div>\n\n\n\n<div class=\"wp-block-uagb-advanced-heading uagb-block-5d22da81\"><h2 class=\"uagb-heading-text\">1998<\/h2><\/div>\n\n\n\n<div class=\"wp-block-uagb-container uagb-block-b9afb189 alignfull uagb-is-root-container\"><div class=\"uagb-container-inner-blocks-wrap\">\n<div class=\"wp-block-uagb-container uagb-block-bb5bf7fb\">\n<figure class=\"wp-block-embed is-type-photo is-provider-flickr wp-block-embed-flickr\"><div class=\"wp-block-embed__wrapper\">\n<a href=\"https:\/\/flic.kr\/p\/2oZBAW8\"><img loading=\"lazy\" decoding=\"async\" src=\"https:\/\/live.staticflickr.com\/65535\/53160528147_25f0d6eabe.jpg\" alt=\"1998_6-6\" width=\"490\" height=\"500\" \/><\/a>\n<\/div><\/figure>\n<\/div>\n\n\n\n<div class=\"wp-block-uagb-container uagb-block-8133930f\">\n<div class=\"wp-block-uagb-info-box uagb-block-4c929439 uagb-infobox__content-wrap  uagb-infobox-icon-left uagb-infobox-left uagb-infobox-stacked-tablet uagb-infobox-image-valign-middle\"><div class=\"uagb-ifb-content\"><div class=\"uagb-ifb-title-wrap\"><h3 class=\"uagb-ifb-title\">1998 &#8211; 6\/6<br>Oszt\u00e1lyf\u0151n\u00f6k: Kar\u00e1din\u00e9 Pup Ilona<\/h3><\/div><p class=\"uagb-ifb-desc\">Bed\u0151 Ren\u00e1ta, Bedy Eszter, Bedy Rita, Borovszky Henriett, Elekes Katalin, Hal\u00e1sz J\u00falia, Harasztovics R\u00f3bert, Horv\u00e1th Eszter, Kiss Bal\u00e1zs, Kocsis Zolt\u00e1n, Kov\u00e1cs Lilla, Lakatos Veronika, Makkos Dalma, Nagy Marietta, N\u00e9meth Judit, N\u00e9meth Kl\u00e1ra, Szab\u00f3 Tibor, T\u00f3th Andrea, Varga Bal\u00e1zs, Varga Rita, Zs\u00f6mle Kriszti\u00e1n<\/p><\/div><\/div>\n<\/div>\n<\/div><\/div>\n\n\n\n<div class=\"wp-block-uagb-container uagb-block-82cfd018 alignfull uagb-is-root-container\"><div class=\"uagb-container-inner-blocks-wrap\">\n<div class=\"wp-block-uagb-container uagb-block-e4f7dc43\">\n<figure class=\"wp-block-embed is-type-photo is-provider-flickr wp-block-embed-flickr\"><div class=\"wp-block-embed__wrapper\">\n<a href=\"https:\/\/flic.kr\/p\/2oZEBDd\"><img loading=\"lazy\" decoding=\"async\" src=\"https:\/\/live.staticflickr.com\/65535\/53161115866_c2364555af.jpg\" alt=\"1998_IVA\" width=\"500\" height=\"381\" \/><\/a>\n<\/div><\/figure>\n<\/div>\n\n\n\n<div class=\"wp-block-uagb-container uagb-block-d420bbb8\">\n<div class=\"wp-block-uagb-info-box uagb-block-78ab10a2 uagb-infobox__content-wrap  uagb-infobox-icon-left uagb-infobox-left uagb-infobox-stacked-tablet uagb-infobox-image-valign-middle\"><div class=\"uagb-ifb-content\"><div class=\"uagb-ifb-title-wrap\"><h3 class=\"uagb-ifb-title\">1998 &#8211; IV.A<br>Oszt\u00e1lyf\u0151n\u00f6k: \u00c1rb\u00f3cz Tam\u00e1s<\/h3><\/div><p class=\"uagb-ifb-desc\">Bak\u00f3 Be\u00e1ta, Bertalan Dezs\u0151, Budai Tam\u00e1s, D\u00e1vid Ilona, Elekes Beatrix, Ferenczi P\u00e9ter, Fodor Lajos, Hideg Korn\u00e9lia, Horv\u00e1th Anita, Horv\u00e1th Bal\u00e1zs, Horv\u00e1th D\u00f3ra, Horv\u00e1th Krisztina, Jakab Barnab\u00e1s, Kiss Krisztina, Kondics Marianna, Kov\u00e1cs N\u00f3ra, N\u00e9meth L\u00e1szl\u00f3, N\u00e9meth L\u00e1szl\u00f3, N\u00e9meth Vivien, Simon N\u00f3ra, Szab\u00f3 Melinda, Szak\u00e1l Szilvia, Szelestey L\u00e1szl\u00f3, Sz\u00fccs Eszter, Tam\u00e1s Gerg\u0151, Viczm\u00e1ndi Ildik\u00f3<\/p><\/div><\/div>\n<\/div>\n<\/div><\/div>\n\n\n\n<div class=\"wp-block-uagb-container uagb-block-a05fdd0f alignfull uagb-is-root-container\"><div class=\"uagb-container-inner-blocks-wrap\">\n<div class=\"wp-block-uagb-container uagb-block-982e33bb\">\n<figure class=\"wp-block-embed is-type-photo is-provider-flickr wp-block-embed-flickr\"><div class=\"wp-block-embed__wrapper\">\n<a href=\"https:\/\/flic.kr\/p\/2oZBAQ6\"><img loading=\"lazy\" decoding=\"async\" src=\"https:\/\/live.staticflickr.com\/65535\/53160527797_5c999e4637.jpg\" alt=\"1998_IVB\" width=\"500\" height=\"400\" \/><\/a>\n<\/div><\/figure>\n<\/div>\n\n\n\n<div class=\"wp-block-uagb-container uagb-block-ae0d2928\">\n<div class=\"wp-block-uagb-info-box uagb-block-14f93a8e uagb-infobox__content-wrap  uagb-infobox-icon-left uagb-infobox-left uagb-infobox-stacked-tablet uagb-infobox-image-valign-middle\"><div class=\"uagb-ifb-content\"><div class=\"uagb-ifb-title-wrap\"><h3 class=\"uagb-ifb-title\">1998 &#8211; IV.B<br>Oszt\u00e1lyf\u0151n\u00f6k: dr. Csisz\u00e1r Tiborn\u00e9<\/h3><\/div><p class=\"uagb-ifb-desc\">Bali J\u00e1nos, Bartha \u00c1gnes, Benk\u0151 Barbara, Br\u00e1nyi N\u00f3ra, Cs\u00e1sz\u00e1r R\u00e9ka, Cs\u00f6nge Vikt\u00f3ria, D\u00f6m\u00f6t\u00f6r Zsolt, Garai \u00c1d\u00e1m, Hajba Zolt\u00e1n, Heiner Ren\u00e1ta, Hellebrand \u00c1gnes, Hende Ildik\u00f3, Herendi Szabolcs, Jeney G\u00e1bor, Kokas Barbara, Luk\u00e1cs Bernadett, Mih\u00e1ly Kinga, Nagy Anita, Par\u00e1di M\u00f3nika, Par\u00e1di Petra, P\u00f6rneczi G\u00e1bor, Sebesty\u00e9n Gergely, Somogyi Ferenc, Somogyi Veronika, Varga Melinda, Varga Zolt\u00e1n<\/p><\/div><\/div>\n<\/div>\n<\/div><\/div>\n\n\n\n<div class=\"wp-block-uagb-advanced-heading uagb-block-6ce42c90\"><h2 class=\"uagb-heading-text\">1997<\/h2><\/div>\n\n\n\n<div class=\"wp-block-uagb-container uagb-block-9e7bde4b alignfull uagb-is-root-container\"><div class=\"uagb-container-inner-blocks-wrap\">\n<div class=\"wp-block-uagb-container uagb-block-dea48f05\">\n<figure class=\"wp-block-embed is-type-photo is-provider-flickr wp-block-embed-flickr\"><div class=\"wp-block-embed__wrapper\">\n<a href=\"https:\/\/flic.kr\/p\/2oZEBC6\"><img loading=\"lazy\" decoding=\"async\" src=\"https:\/\/live.staticflickr.com\/65535\/53161115801_c3382b49a3.jpg\" alt=\"1997_IVA\" width=\"500\" height=\"357\" \/><\/a>\n<\/div><\/figure>\n<\/div>\n\n\n\n<div class=\"wp-block-uagb-container uagb-block-beef3042\">\n<div class=\"wp-block-uagb-info-box uagb-block-7b2203c9 uagb-infobox__content-wrap  uagb-infobox-icon-left uagb-infobox-left uagb-infobox-stacked-tablet uagb-infobox-image-valign-middle\"><div class=\"uagb-ifb-content\"><div class=\"uagb-ifb-title-wrap\"><h3 class=\"uagb-ifb-title\">1997 &#8211; IV.A<br>Oszt\u00e1lyf\u0151n\u00f6k: D\u00f3zs\u00e1n\u00e9 Balogh Viola<\/h3><\/div><p class=\"uagb-ifb-desc\">Barcza P\u00e9ter, B\u00e1r\u00e1ny Zolt\u00e1n, Bolla M\u00e1ria, Bozn\u00e1nszky \u00c1gnes, Buszny\u00e1k Ren\u00e1ta, Cs\u00e1sz\u00e1r M\u00f3nika, Csiszl\u00e9r Di\u00e1na, Dobson B\u00e1lint, Elek Tam\u00e1s, Friedman Erna, G\u00e9czi \u00c9va, K\u00e1ldi L\u00e1szl\u00f3, Kocsis Edit, Kokas Beatrix, Kov\u00e1cs Korn\u00e9lia, Lengyel L\u00e1szl\u00f3, Lengyel L\u00e1szl\u00f3, Nemes Norbert, N\u00e9meth Ferenc, N\u00e9meth Tam\u00e1s, \u00d6lbei Rita, P\u00e1lffy M\u00e1rton, Par\u00e1di P\u00e9ter, P\u00f3cza Andrea, P\u0151cze Lilla, Pusztai Ram\u00f3na, Reiner Anita, Sip\u0151cz Em\u0151ke, S\u00f6ptei Judit, Szab\u00f3 Andr\u00e1s, Szab\u00f3 Vikt\u00f3ria, Tall\u00e9r Andrea, T\u00f3th Szabolcs<\/p><\/div><\/div>\n<\/div>\n<\/div><\/div>\n\n\n\n<div class=\"wp-block-uagb-container uagb-block-7a3056ac alignfull uagb-is-root-container\"><div class=\"uagb-container-inner-blocks-wrap\">\n<div class=\"wp-block-uagb-container uagb-block-b083c59f\">\n<figure class=\"wp-block-embed is-type-photo is-provider-flickr wp-block-embed-flickr\"><div class=\"wp-block-embed__wrapper\">\n<a href=\"https:\/\/flic.kr\/p\/2oZFGeb\"><img loading=\"lazy\" decoding=\"async\" src=\"https:\/\/live.staticflickr.com\/65535\/53161326404_83f1712bd0.jpg\" alt=\"1997_IVB\" width=\"500\" height=\"358\" \/><\/a>\n<\/div><\/figure>\n<\/div>\n\n\n\n<div class=\"wp-block-uagb-container uagb-block-535167c5\">\n<div class=\"wp-block-uagb-info-box uagb-block-7ddba7d0 uagb-infobox__content-wrap  uagb-infobox-icon-left uagb-infobox-left uagb-infobox-stacked-tablet uagb-infobox-image-valign-middle\"><div class=\"uagb-ifb-content\"><div class=\"uagb-ifb-title-wrap\"><h3 class=\"uagb-ifb-title\">1997 &#8211; IV.B<br>Oszt\u00e1lyf\u0151n\u00f6k: Varg\u00e1n\u00e9 Kr\u00e1nicz Anna<\/h3><\/div><p class=\"uagb-ifb-desc\">Baranyai Attila, Beck Anita, Bedy Csilla, Buz\u00e1s Rita, Cz\u00e9kman Ildik\u00f3, D\u00f6br\u00f6nte Csongor, Ferenczi Ren\u00e1ta, Figder Erika, Gregorich Bence, Hajba Attila, Jancs\u00f3 T\u00edmea, Jo\u00f3 Bal\u00e1zs, J\u00f3zsa Ibolya, Lakatos Gr\u00e9ta, L\u00f3csi Di\u00e1na, Luk\u00e1cs Rita, Mat\u00f3cza Barnab\u00e1s, Moln\u00e1r Mikl\u00f3s, N\u00e1dasy Szabolcs, Nagy Istv\u00e1n, Nagy M\u00e1rta, Nagy Zsolt, Pozsonyi Mih\u00e1ly, S\u00e1gi M\u00f3nika, S\u00e1rk\u00f6zi Anik\u00f3, Sebesty\u00e9n Helga, Sulyok Ren\u00e1ta, Szab\u00f3 Vanda, Tak\u00e1cs Bal\u00e1zs, Tak\u00f3 Ibolya, T\u00e1nczos Kriszti\u00e1n<\/p><\/div><\/div>\n<\/div>\n<\/div><\/div>\n\n\n\n<div class=\"wp-block-uagb-advanced-heading uagb-block-efcfa787\"><h2 class=\"uagb-heading-text\">1996<\/h2><\/div>\n\n\n\n<div class=\"wp-block-uagb-container uagb-block-ce91ad76 alignfull uagb-is-root-container\"><div class=\"uagb-container-inner-blocks-wrap\">\n<div class=\"wp-block-uagb-container uagb-block-5f20c388\"><\/div>\n\n\n\n<div class=\"wp-block-uagb-container uagb-block-df5bc526\">\n<div class=\"wp-block-uagb-info-box uagb-block-6394b8de uagb-infobox__content-wrap  uagb-infobox-icon-left uagb-infobox-left uagb-infobox-stacked-tablet uagb-infobox-image-valign-middle\"><div class=\"uagb-ifb-content\"><div class=\"uagb-ifb-title-wrap\"><h3 class=\"uagb-ifb-title\">1996 &#8211; IV.A<br>Oszt\u00e1lyf\u0151n\u00f6k: Tinger Vendel<\/h3><\/div><p class=\"uagb-ifb-desc\">Bany\u00f3 \u00c1kos, Csik Zsuzsanna, Cs\u0151re Veronika, Dala Rita, Foglszinger Csilla, Gaszak G\u00e1bor, Hulik Lilla, Jank\u00f3 Andrea, Kov\u00e1cs \u00c1gnes, Kov\u00e1cs Euridike, Mike Gabriella, Nagy Alexandra, Nagy G\u00e1bor, Nagy J\u00f3zsef, Nagy Patr\u00edcia, Ny\u00e9ki Ildik\u00f3, Orth Katalin, Patyi M\u00e1riusz, P\u00e9cz Tibor, P\u00f6rneczi M\u00e1ria, Romh\u00e1nyi M\u00f3nika, Sebesty\u00e9n Andr\u00e1s, Sebesty\u00e9n Zs\u00f3fia, Szab\u00f3 Katalin, Szab\u00f3 Krisztina, Szak\u00e1l G\u00e1bor, Szalai Zsuzsanna, Tak\u00e1cs Edina, Tompa Kinga, Varga Be\u00e1ta, Varga L\u00e1szl\u00f3, Varga Vikt\u00f3ria, Varj\u00fa Rita<\/p><\/div><\/div>\n<\/div>\n<\/div><\/div>\n\n\n\n<div class=\"wp-block-uagb-container uagb-block-31503b0b alignfull uagb-is-root-container\"><div class=\"uagb-container-inner-blocks-wrap\">\n<div class=\"wp-block-uagb-container uagb-block-23eb7d65\">\n<figure class=\"wp-block-embed is-type-photo is-provider-flickr wp-block-embed-flickr\"><div class=\"wp-block-embed__wrapper\">\n<a href=\"https:\/\/flic.kr\/p\/2oZH8W5\"><img loading=\"lazy\" decoding=\"async\" src=\"https:\/\/live.staticflickr.com\/65535\/53161607988_d342733266.jpg\" alt=\"1996_IVB\" width=\"417\" height=\"500\" \/><\/a>\n<\/div><\/figure>\n<\/div>\n\n\n\n<div class=\"wp-block-uagb-container uagb-block-3ddbec81\">\n<div class=\"wp-block-uagb-info-box uagb-block-22364630 uagb-infobox__content-wrap  uagb-infobox-icon-left uagb-infobox-left uagb-infobox-stacked-tablet uagb-infobox-image-valign-middle\"><div class=\"uagb-ifb-content\"><div class=\"uagb-ifb-title-wrap\"><h3 class=\"uagb-ifb-title\">1996 &#8211; IV.B<br>Oszt\u00e1lyf\u0151n\u00f6k: M\u00f3ger J\u00f3zsefn\u00e9<\/h3><\/div><p class=\"uagb-ifb-desc\">Bakonyi T\u00edmea, Balogh T\u00edmea, Bar\u00e1th P\u00e9ter, B\u00e1cskai Szabolcs, Benk\u0151 Lilla, D\u00e9nes \u00c1kos, Farag\u00f3 Norbert, Finta Kriszti\u00e1n, Horv\u00e1th Andrea, Horv\u00e1th Kriszti\u00e1n Zsolt, Kar\u00e1csonyi L\u00e1szl\u00f3, K\u00e9ri Adrienn, Kiss Vikt\u00f3ria \u00c1gnes, Kosztol\u00e1nczi Krisztina, Kov\u00e1cs Judit T\u00edmea, Kov\u00e1cs Ren\u00e1ta, Ma\u00e1r \u00c1gnes, Magyar Zsuzsanna, Mar\u00e1czi T\u00edmea Katalin, Mell Csaba, Nagy Anita, Nagy Katalin, Nemes Bal\u00e1zs, N\u00e9meth Erika, N\u00e9meth L\u00edvia, Ny\u00e1ri Katalin, P\u00e1li Erzs\u00e9bet Zsuzsanna, Szarka Tam\u00e1s, T\u00f6r\u00f6k Anik\u00f3 Karolin, Varga Melinda, Vukits Melinda, Z\u00e1mb\u00f3 Tam\u00e1s<\/p><\/div><\/div>\n<\/div>\n<\/div><\/div>\n\n\n\n<div class=\"wp-block-uagb-advanced-heading uagb-block-fc038602\"><h2 class=\"uagb-heading-text\">1995<\/h2><\/div>\n\n\n\n<div class=\"wp-block-uagb-container uagb-block-54687dda alignfull uagb-is-root-container\"><div class=\"uagb-container-inner-blocks-wrap\">\n<div class=\"wp-block-uagb-container uagb-block-596ba16a\">\n<figure class=\"wp-block-embed is-type-photo is-provider-flickr wp-block-embed-flickr\"><div class=\"wp-block-embed__wrapper\">\n<a href=\"https:\/\/flic.kr\/p\/2oZBB97\"><img loading=\"lazy\" decoding=\"async\" src=\"https:\/\/live.staticflickr.com\/65535\/53160528842_9c22ff3ed0.jpg\" alt=\"1995_IVA\" width=\"500\" height=\"384\" \/><\/a>\n<\/div><\/figure>\n<\/div>\n\n\n\n<div class=\"wp-block-uagb-container uagb-block-761dcb0f\">\n<div class=\"wp-block-uagb-info-box uagb-block-6b7d9ea2 uagb-infobox__content-wrap  uagb-infobox-icon-left uagb-infobox-left uagb-infobox-stacked-tablet uagb-infobox-image-valign-middle\"><div class=\"uagb-ifb-content\"><div class=\"uagb-ifb-title-wrap\"><h3 class=\"uagb-ifb-title\">1995 &#8211; IV.A<br>Oszt\u00e1lyf\u0151n\u00f6k: dr. Lenner Tibor<\/h3><\/div><p class=\"uagb-ifb-desc\">Dani Edina, D\u00e1vid Korn\u00e9l, Elek P\u00e9ter, Erd\u00e9lyi Anita, Foglszinger Ildik\u00f3, Gregorich M\u00e1rton, Hajba L\u00e1szl\u00f3, Hulik Hajnalka, Jeney Barnab\u00e1s, J\u00f3na Anita Ter\u00e9zia, Katona Jen\u0151, Kiss Katalin, Kov\u00e1cs Anita, Mesterh\u00e1zy \u00c1gnes, Mesterh\u00e1zy \u00c9va, Mih\u00e1tsy Z\u00edlia, Nagy P\u00e9ter J\u00f3zsef, N\u00e9meth Rita, R\u00e9tfalvi Bal\u00e1zs, Szab\u00f3 Bernadett, Szab\u00f3 G\u00e1bor, Szab\u00f3 Krisztina, Szab\u00f3 Marietta, T\u0151ke M\u00e1ria, Varga T\u00edmea, Varga Veronika, Vinter Anita, Viola \u00c1gnes No\u00e9mi, Z\u00e1mb\u00f3 Judit<\/p><\/div><\/div>\n<\/div>\n<\/div><\/div>\n\n\n\n<div class=\"wp-block-uagb-container uagb-block-89e15d42 alignfull uagb-is-root-container\"><div class=\"uagb-container-inner-blocks-wrap\">\n<div class=\"wp-block-uagb-container uagb-block-72ff37fc\">\n<figure class=\"wp-block-embed is-type-photo is-provider-flickr wp-block-embed-flickr\"><div class=\"wp-block-embed__wrapper\">\n<a href=\"https:\/\/flic.kr\/p\/2oZEBK5\"><img loading=\"lazy\" decoding=\"async\" src=\"https:\/\/live.staticflickr.com\/65535\/53161116206_470c6d5d7f.jpg\" alt=\"1995_IVB\" width=\"500\" height=\"383\" \/><\/a>\n<\/div><\/figure>\n<\/div>\n\n\n\n<div class=\"wp-block-uagb-container uagb-block-5045fb3d\">\n<div class=\"wp-block-uagb-info-box uagb-block-b94a2ac7 uagb-infobox__content-wrap  uagb-infobox-icon-left uagb-infobox-left uagb-infobox-stacked-tablet uagb-infobox-image-valign-middle\"><div class=\"uagb-ifb-content\"><div class=\"uagb-ifb-title-wrap\"><h3 class=\"uagb-ifb-title\">1995 &#8211; IV.B<br>Oszt\u00e1lyf\u0151n\u00f6k: Vinter J\u00f3zsefn\u00e9<\/h3><\/div><p class=\"uagb-ifb-desc\">Bar\u00e1th Katalin, Bertalan No\u00e9mi, Buszny\u00e1k Csaba, Butterwalter Gy\u00f6rgy, D\u00e9nes Norbert, Eszteg\u00e1lyos Violetta, Het\u00e9nyi Henriett, Horv\u00e1th Ren\u00e1ta, K\u00f6rmendi P\u00e9ter, L\u00e1szl\u00f3 Melinda, M\u00e1ty\u00e1s Hajnalka, Mestery Rita, Nagy Gy\u00f6ngyi, Nagy S\u00e1ndor, N\u00e9meth J\u00f3zsef, Pozsonyi Zsolt, Radics Anik\u00f3, Sebesty\u00e9n Ir\u00e9n, Tarczi Gy\u00f6rgyi, T\u0151ke Zsuzsanna, Varga J\u00falia, Vargyai T\u00fcnde, Vass Veronika, Zs\u00e1mboki Gy\u00f6rgyi<\/p><\/div><\/div>\n<\/div>\n<\/div><\/div>\n\n\n\n<div class=\"wp-block-uagb-container uagb-block-694e14c2 alignfull uagb-is-root-container\"><div class=\"uagb-container-inner-blocks-wrap\">\n<div class=\"wp-block-uagb-container uagb-block-69f19c75\">\n<figure class=\"wp-block-embed is-type-photo is-provider-flickr wp-block-embed-flickr\"><div class=\"wp-block-embed__wrapper\">\n<a href=\"https:\/\/flic.kr\/p\/2oZEBEq\"><img loading=\"lazy\" decoding=\"async\" src=\"https:\/\/live.staticflickr.com\/65535\/53161115936_918eb978f4.jpg\" alt=\"1995_IVC\" width=\"500\" height=\"360\" \/><\/a>\n<\/div><\/figure>\n<\/div>\n\n\n\n<div class=\"wp-block-uagb-container uagb-block-ec16f95e\">\n<div class=\"wp-block-uagb-info-box uagb-block-08e8dbbc uagb-infobox__content-wrap  uagb-infobox-icon-left uagb-infobox-left uagb-infobox-stacked-tablet uagb-infobox-image-valign-middle\"><div class=\"uagb-ifb-content\"><div class=\"uagb-ifb-title-wrap\"><h3 class=\"uagb-ifb-title\">1995 &#8211; IV.C<br>Oszt\u00e1lyf\u0151n\u00f6k: Venczell\u00e1k Andr\u00e1s<\/h3><\/div><p class=\"uagb-ifb-desc\">B\u00e9res Szil\u00e1rd, Bodor Szabolcs, Csan\u00e1di L\u00e1szl\u00f3, Cs\u00e1goly Szilvia, Fekete Ren\u00e1ta, Geiger Csilla, Horv\u00e1th Be\u00e1ta, Jankovics Margit, Kalauz Katalin, Kov\u00e1cs Andrea, Kov\u00e1cs Judit, Kuv\u00e1cs Kriszti\u00e1n, Kutasi Lajos, Min\u00e1rcsik Barbara \u00c9va, Moln\u00e1r Piroska, Nagy Krisztina, Nagy P\u00e9ter, P\u0151cze Judit, P\u0151cze Tam\u00e1s, Sipos Csilla, Svedics Enik\u0151, Szakonyi Bal\u00e1zs, Szalay Ilona, Szomj\u00fa Tam\u00e1s, T\u00f3th Nikoletta, T\u00f3th T\u00edmea<\/p><\/div><\/div>\n<\/div>\n<\/div><\/div>\n\n\n\n<div class=\"wp-block-uagb-advanced-heading uagb-block-cef79f9f\"><h2 class=\"uagb-heading-text\">1994<\/h2><\/div>\n\n\n\n<div class=\"wp-block-uagb-container uagb-block-a0343ff9 alignfull uagb-is-root-container\"><div class=\"uagb-container-inner-blocks-wrap\">\n<div class=\"wp-block-uagb-container uagb-block-964469c4\">\n<figure class=\"wp-block-embed is-type-photo is-provider-flickr wp-block-embed-flickr\"><div class=\"wp-block-embed__wrapper\">\n<a href=\"https:\/\/flic.kr\/p\/2oZGNZe\"><img loading=\"lazy\" decoding=\"async\" src=\"https:\/\/live.staticflickr.com\/65535\/53161544255_dee66547d2.jpg\" alt=\"1994_IVA\" width=\"500\" height=\"421\" \/><\/a>\n<\/div><\/figure>\n<\/div>\n\n\n\n<div class=\"wp-block-uagb-container uagb-block-15948927\">\n<div class=\"wp-block-uagb-info-box uagb-block-fbbf1305 uagb-infobox__content-wrap  uagb-infobox-icon-left uagb-infobox-left uagb-infobox-stacked-tablet uagb-infobox-image-valign-middle\"><div class=\"uagb-ifb-content\"><div class=\"uagb-ifb-title-wrap\"><h3 class=\"uagb-ifb-title\">1994 &#8211; IV.A<br>Oszt\u00e1lyf\u0151n\u00f6k: Moln\u00e1r Margit<\/h3><\/div><p class=\"uagb-ifb-desc\">Balogh Annam\u00e1ria, Baracskai Judit, B\u00e1rdossy J\u00f3zsef, Bedy Vikt\u00f3ria Zsuzsanna, Berki Veronika, Bicz\u00f3 Veronika Krisztina, Bogd\u00e1nyi Frida Roz\u00e1lia, Csizmazia G\u00e1bor, Fekete M\u00e1rk G\u00e9za, Gomb\u00e1si Csilla, Hajba Zsanett, Hal\u00e1sz Be\u00e1ta, Henter P\u00e1l, Het\u00e9nyi Rita, Horv\u00e1th Nikoletta, Hujber Hajnalka, Kasza Laura Szilvia, Macsotai Enik\u0151, Magyar\u00f3si Zolt\u00e1n Kriszti\u00e1n, M\u00e1ndli Adrienn Katalin, M\u00e1rkus Tibor Attila, Mell Tam\u00e1s, Moln\u00e1r M\u00f3nika, Nagy Euridike, Nagy Rita, N\u00e9meth Katalin, \u0150ri Szil\u00e1rd, R\u00e1ba M\u00f3nika, S\u00fct\u0151 Roland, Szab\u00f3 Judit Eszter, Szalai T\u00fcnde Judit, Szarka Be\u00e1ta, Sz\u00e9lesi Krisztina, Tarczi Eszter Kl\u00e1ra, T\u00f3th Euridik\u00e9, T\u0151ke Csilla, V\u00f6lgyi Erika<\/p><\/div><\/div>\n<\/div>\n<\/div><\/div>\n\n\n\n<div class=\"wp-block-uagb-container uagb-block-62a96498 alignfull uagb-is-root-container\"><div class=\"uagb-container-inner-blocks-wrap\">\n<div class=\"wp-block-uagb-container uagb-block-7fb28837\">\n<figure class=\"wp-block-embed is-type-photo is-provider-flickr wp-block-embed-flickr\"><div class=\"wp-block-embed__wrapper\">\n<a href=\"https:\/\/flic.kr\/p\/2oZBB9C\"><img loading=\"lazy\" decoding=\"async\" src=\"https:\/\/live.staticflickr.com\/65535\/53160528872_32db4cd8ee.jpg\" alt=\"1994_IVB\" width=\"500\" height=\"431\" \/><\/a>\n<\/div><\/figure>\n<\/div>\n\n\n\n<div class=\"wp-block-uagb-container uagb-block-04bf4a4d\">\n<div class=\"wp-block-uagb-info-box uagb-block-e08cb7e3 uagb-infobox__content-wrap  uagb-infobox-icon-left uagb-infobox-left uagb-infobox-stacked-tablet uagb-infobox-image-valign-middle\"><div class=\"uagb-ifb-content\"><div class=\"uagb-ifb-title-wrap\"><h3 class=\"uagb-ifb-title\">1994 &#8211; IV.B<br>Oszt\u00e1lyf\u0151n\u00f6k: T\u00f3th Margit<\/h3><\/div><p class=\"uagb-ifb-desc\">Baranyai T\u00edmea, Boda Zsanett, Bogn\u00e1r Gabriella, Cseh Ildik\u00f3, Cseke Adrienn, Cseledi Csaba Tam\u00e1s, Csisz\u00e1r \u00c1gnes, Csiszl\u00e9r T\u00edmea, Erd\u00e9ly R\u00e9ka, G\u00e1bor Nikoletta, G\u00e1l P\u00e9ter, Gergye Tam\u00e1s, Gudui J\u00e1nos, Heiner Zolt\u00e1n, Kiss Judit, Kiss M\u00e1ria, Kiss M\u00f3nika, Kov\u00e1cs M\u00f3nika, Lenzs\u00e9r Ildik\u00f3, Nagy L\u00e1szl\u00f3, Nagyp\u00e1l T\u00fcnde, N\u00e9meth Edina Ibolya, N\u00e9meth M\u00f3nika, N\u00e9meth Veronika, Pint\u00e9r Katalin, R\u00e1ba Anita, Somogyi Vikt\u00f3ria, Szab\u00f3 T\u00fcnde, Szalai Adrienn, Szalai Edina, Szelestey Be\u00e1ta, Sz\u0171cs Ren\u00e1ta, Tak\u00e1cs Eszter, Tak\u00e1cs Leon\u00f3ra, T\u00e1las Katalin, T\u00f3th Adrienn Jol\u00e1n, Varga Norbert<\/p><\/div><\/div>\n<\/div>\n<\/div><\/div>\n\n\n\n<div class=\"wp-block-uagb-advanced-heading uagb-block-bb4b3389\"><h2 class=\"uagb-heading-text\">1993<\/h2><\/div>\n\n\n\n<div class=\"wp-block-uagb-container uagb-block-0b22fd9d alignfull uagb-is-root-container\"><div class=\"uagb-container-inner-blocks-wrap\">\n<div class=\"wp-block-uagb-container uagb-block-1ee63457\"><\/div>\n\n\n\n<div class=\"wp-block-uagb-container uagb-block-45a58b76\">\n<div class=\"wp-block-uagb-info-box uagb-block-70988f4e uagb-infobox__content-wrap  uagb-infobox-icon-left uagb-infobox-left uagb-infobox-stacked-tablet uagb-infobox-image-valign-middle\"><div class=\"uagb-ifb-content\"><div class=\"uagb-ifb-title-wrap\"><h3 class=\"uagb-ifb-title\">1993 &#8211; IV.A<br>Oszt\u00e1lyf\u0151n\u00f6k: Rozm\u00e1n L\u00e1szl\u00f3, Szab\u00f3 Alajos<\/h3><\/div><p class=\"uagb-ifb-desc\">Beleznay M\u00f3nika, Boda Szabolcs, Csirkovics Katalin, D\u00f6br\u00f6nte R\u00f3bert, Garai Zo\u00e1rd, Gy\u00f6nye Gr\u00e9ta, Horv\u00e1th Andr\u00e1s, Horv\u00e1th Bernadett, Horv\u00e1th Edit, Horv\u00e1th Rita, Horv\u00e1th Tibor, Kar\u00e1th P\u00e9ter, Kur\u00e1nyi Euridike, Kuthi Szil\u00e1rd, L\u00e1szl\u00f3 Adrienn, L\u0151rincz Zs\u00f3fia, Major M\u00f3nika, Mesterh\u00e1zy Zolt\u00e1n, Mih\u00e1ly Botond, Nagy \u00c1rp\u00e1d, Papp Erzs\u00e9bet, P\u00e9ntek Lilla, Pirka Csilla, Somogyi M\u00f3nika, Szab\u00f3 Edina, Szab\u00f3 T\u00fcnde, Szab\u00f3 Zsuzsanna M\u00e1ria, Szakonyi Vikt\u00f3ria, Vravuska Veronika<\/p><\/div><\/div>\n<\/div>\n<\/div><\/div>\n\n\n\n<div class=\"wp-block-uagb-container uagb-block-07854f24 alignfull uagb-is-root-container\"><div class=\"uagb-container-inner-blocks-wrap\">\n<div class=\"wp-block-uagb-container uagb-block-baeb6aa3\">\n<figure class=\"wp-block-embed is-type-photo is-provider-flickr wp-block-embed-flickr\"><div class=\"wp-block-embed__wrapper\">\n<a href=\"https:\/\/flic.kr\/p\/2oZFGGq\"><img loading=\"lazy\" decoding=\"async\" src=\"https:\/\/live.staticflickr.com\/65535\/53161327984_0d1c947f3d.jpg\" alt=\"1993_IVB\" width=\"500\" height=\"380\" \/><\/a>\n<\/div><\/figure>\n<\/div>\n\n\n\n<div class=\"wp-block-uagb-container uagb-block-da221527\">\n<div class=\"wp-block-uagb-info-box uagb-block-1b5b696a uagb-infobox__content-wrap  uagb-infobox-icon-left uagb-infobox-left uagb-infobox-stacked-tablet uagb-infobox-image-valign-middle\"><div class=\"uagb-ifb-content\"><div class=\"uagb-ifb-title-wrap\"><h3 class=\"uagb-ifb-title\">1993 &#8211; IV.B<br>Oszt\u00e1lyf\u0151n\u00f6k: Kar\u00e1din\u00e9 Pup Ilona<\/h3><\/div><p class=\"uagb-ifb-desc\">Asztalnok Andrea, Bagics Adrienn, Bakodi Gabriella, Bakos G\u00e1bor, Bodn\u00e1r T\u00fcnde, Cseke Hajnalka, Dancsecs Katalin, De\u00e9 Nikoletta, Gomb\u00e1si Zolt\u00e1n, Hajas P\u00e9ter, Hartai Veronika Erika, Hilbert T\u00fcnde, Horv\u00e1th Edina, Horv\u00e1th Erzs\u00e9bet Veronika, Horv\u00e1th Tibor, Ker\u00e9nyi Orsolya, Kiss Istv\u00e1n Zsolt, Kustos Evelin, Marton Henrietta Erzs\u00e9bet, M\u00f3ger Melinda, M\u00f3rocz \u00c9va, Nagy Dezs\u0151, N\u00e9meth Erika, Pincze Katalin, Pusztai G\u00e1bor, Somogyi Helga, Tarr P\u00e9ter, T\u0151ke J\u00e1nos, Varga Krisztina, Vida Zal\u00e1n Vajk, V\u00f3rum Eszter Adrienn<\/p><\/div><\/div>\n<\/div>\n<\/div><\/div>\n\n\n\n<div class=\"wp-block-uagb-advanced-heading uagb-block-df78dbe5\"><h2 class=\"uagb-heading-text\">1992<\/h2><\/div>\n\n\n\n<div class=\"wp-block-uagb-container uagb-block-767e547b alignfull uagb-is-root-container\"><div class=\"uagb-container-inner-blocks-wrap\">\n<div class=\"wp-block-uagb-container uagb-block-3749c736\">\n<figure class=\"wp-block-embed is-type-photo is-provider-flickr wp-block-embed-flickr\"><div class=\"wp-block-embed__wrapper\">\n<a href=\"https:\/\/flic.kr\/p\/2oZH9eE\"><img loading=\"lazy\" decoding=\"async\" src=\"https:\/\/live.staticflickr.com\/65535\/53161609008_f9d921b6fe.jpg\" alt=\"1992_IVA\" width=\"500\" height=\"451\" \/><\/a>\n<\/div><\/figure>\n<\/div>\n\n\n\n<div class=\"wp-block-uagb-container uagb-block-867fe35e\">\n<div class=\"wp-block-uagb-info-box uagb-block-7e747382 uagb-infobox__content-wrap  uagb-infobox-icon-left uagb-infobox-left uagb-infobox-stacked-tablet uagb-infobox-image-valign-middle\"><div class=\"uagb-ifb-content\"><div class=\"uagb-ifb-title-wrap\"><h3 class=\"uagb-ifb-title\">1992 &#8211; IV.A<br>Oszt\u00e1lyf\u0151n\u00f6k: Jo\u00f3 Antaln\u00e9<\/h3><\/div><p class=\"uagb-ifb-desc\">Baranyai T\u00edmea, Bella Bernadett, Bende Hajnalka, B\u00f3ka Brigitta, Bolla Katalin Henriett, Busa G\u00e1bor, Cs\u00e1k\u00e1ny Zsolt Roland, Csizmazia N\u00f3ra, D\u00e1vid Rita, Elek Veronika, Fodor Edit, Iv\u00e1n Henriett, Kiss Barbara, Kiss Gy\u00f6rgy, Kov\u00e1cs L\u00edvia, Kozma G\u00e1bor, Marton Krisztina, Mell P\u00e9ter, Nagy Beatrix, N\u00e9meth Orsolya, Piri Tam\u00e1s, Somogyi Mikl\u00f3s Szil\u00e1rd, Szab\u00f3 Szilvia M\u00e1ria, Szak\u00e1cs Tibor, Szita Veronika, Tak\u00e1cs Gertr\u00fad, T\u00f3th \u00c1gota, Varga Gabriella Cec\u00edlia, Vargyai Katalin, Vikmon Katalin<\/p><\/div><\/div>\n<\/div>\n<\/div><\/div>\n\n\n\n<div class=\"wp-block-uagb-container uagb-block-df2b2c7d alignfull uagb-is-root-container\"><div class=\"uagb-container-inner-blocks-wrap\">\n<div class=\"wp-block-uagb-container uagb-block-d93181b2\">\n<figure class=\"wp-block-embed is-type-photo is-provider-flickr wp-block-embed-flickr\"><div class=\"wp-block-embed__wrapper\">\n<a href=\"https:\/\/flic.kr\/p\/2oZH9bi\"><img loading=\"lazy\" decoding=\"async\" src=\"https:\/\/live.staticflickr.com\/65535\/53161608813_05149bd724.jpg\" alt=\"1992_IVB\" width=\"500\" height=\"381\" \/><\/a>\n<\/div><\/figure>\n<\/div>\n\n\n\n<div class=\"wp-block-uagb-container uagb-block-1b8856fb\">\n<div class=\"wp-block-uagb-info-box uagb-block-a9486343 uagb-infobox__content-wrap  uagb-infobox-icon-left uagb-infobox-left uagb-infobox-stacked-tablet uagb-infobox-image-valign-middle\"><div class=\"uagb-ifb-content\"><div class=\"uagb-ifb-title-wrap\"><h3 class=\"uagb-ifb-title\">1992 &#8211; IV.B<br>Oszt\u00e1lyf\u0151n\u00f6k: M\u00f3ger J\u00f3zsefn\u00e9<\/h3><\/div><p class=\"uagb-ifb-desc\">Balogh Edina Katalin, Buz\u00e1s Barbara, Czupor Csilla, Csisz\u00e1r Anna, D\u00f6br\u00f6ntei L\u00e1szl\u00f3, D\u00f6mj\u00e9n Ilona, Horv\u00e1th Ilona, Horv\u00e1th Zs\u00f3fia, Ker\u00e9k Bernadett, Kocsis Orsolya, Kov\u00e1cs Erzs\u00e9bet, Kov\u00e1cs Hajnalka M\u00e1ria, Kov\u00e1cs T\u00edmea, Kuthi L\u00e1szl\u00f3 Tam\u00e1s, L\u00e1szl\u00f3 Anita, Majsa Tibor, Marton N\u00e1ndor, Mecs\u00e9ri M\u00f3nika, Moln\u00e1r Judit Zs\u00f3fia, N\u00e9meth Andr\u00e1s, N\u00e9meth Szabina, Papp Edit, Szabados Orsolya, Szak\u00e1cs Attila, Tak\u00e1cs Hajnalka, T\u00f3th M\u00e1ria, Varga R\u00f3bert<\/p><\/div><\/div>\n<\/div>\n<\/div><\/div>\n\n\n\n<div class=\"wp-block-uagb-advanced-heading uagb-block-2ccc3f02\"><h2 class=\"uagb-heading-text\">1991<\/h2><\/div>\n\n\n\n<div class=\"wp-block-uagb-container uagb-block-3b129d9a alignfull uagb-is-root-container\"><div class=\"uagb-container-inner-blocks-wrap\">\n<div class=\"wp-block-uagb-container uagb-block-6d362172\">\n<figure class=\"wp-block-embed is-type-photo is-provider-flickr wp-block-embed-flickr\"><div class=\"wp-block-embed__wrapper\">\n<a href=\"https:\/\/flic.kr\/p\/2oZEBWC\"><img loading=\"lazy\" decoding=\"async\" src=\"https:\/\/live.staticflickr.com\/65535\/53161116876_336cfddc97.jpg\" alt=\"1991_IVA\" width=\"500\" height=\"416\" \/><\/a>\n<\/div><\/figure>\n<\/div>\n\n\n\n<div class=\"wp-block-uagb-container uagb-block-40eafc81\">\n<div class=\"wp-block-uagb-info-box uagb-block-ce12d6a1 uagb-infobox__content-wrap  uagb-infobox-icon-left uagb-infobox-left uagb-infobox-stacked-tablet uagb-infobox-image-valign-middle\"><div class=\"uagb-ifb-content\"><div class=\"uagb-ifb-title-wrap\"><h3 class=\"uagb-ifb-title\">1991 &#8211; IV.A<br>Oszt\u00e1lyf\u0151n\u00f6k: Vinter J\u00f3zsefn\u00e9<\/h3><\/div><p class=\"uagb-ifb-desc\">Berecz Tibor, Bertalan Zsuzsanna, B\u00fcki Bal\u00e1zs, Cseledi Bernadett \u00c9va, Ferenczy Andrea, Fony\u00f3 Roberta M\u00e1ria, Geiger Katalin, Golda Regina Vanda, Gosztola Val\u00e9ria, Horv\u00e1th Tam\u00e1s Istv\u00e1n, Horv\u00e1th T\u00edmea Hajnalka, Horv\u00e1th Szil\u00e1rd, Horv\u00e1th Zsuzsanna Andrea, Kiss Vir\u00e1g, Kov\u00e1cs Beatrix \u00c9va, L\u00e1szl\u00f3 M\u00f3nika, M\u00e9sz\u00e1ros Erika T\u00edmea, Nagy M\u00e1ria, N\u00e9meth Katalin, Patk\u00f3 Ildik\u00f3 \u00c9va, Somogyi \u00c9va, T\u00e1rnoki G\u00e1bor Rajmund<\/p><\/div><\/div>\n<\/div>\n<\/div><\/div>\n\n\n\n<div class=\"wp-block-uagb-container uagb-block-fde41a53 alignfull uagb-is-root-container\"><div class=\"uagb-container-inner-blocks-wrap\">\n<div class=\"wp-block-uagb-container uagb-block-051168c0\">\n<figure class=\"wp-block-embed is-type-photo is-provider-flickr wp-block-embed-flickr\"><div class=\"wp-block-embed__wrapper\">\n<a href=\"https:\/\/flic.kr\/p\/2oZEBWx\"><img loading=\"lazy\" decoding=\"async\" src=\"https:\/\/live.staticflickr.com\/65535\/53161116871_3707274193.jpg\" alt=\"1991_IVB\" width=\"500\" height=\"436\" \/><\/a>\n<\/div><\/figure>\n<\/div>\n\n\n\n<div class=\"wp-block-uagb-container uagb-block-74486e9d\">\n<div class=\"wp-block-uagb-info-box uagb-block-38870ac0 uagb-infobox__content-wrap  uagb-infobox-icon-left uagb-infobox-left uagb-infobox-stacked-tablet uagb-infobox-image-valign-middle\"><div class=\"uagb-ifb-content\"><div class=\"uagb-ifb-title-wrap\"><h3 class=\"uagb-ifb-title\">1991 &#8211; IV.B<br>Oszt\u00e1lyf\u0151n\u00f6k: dr. Csisz\u00e1r Tiborn\u00e9<\/h3><\/div><p class=\"uagb-ifb-desc\">Bartha M\u00e1rta, Bella M\u00f3nika, B\u00fcki Andrea, Hajba \u00c1gota, Hajba S\u00e1ndor, Hajba Veronika, Heged\u0171s Anett, Ho\u00f3s N\u00f3ra, Imre T\u00fcnde, Kiniczky Andr\u00e1s, Kom\u00e1romi Tam\u00e1s, Koronczai Katalin, Marton Melinda, Nagy Istv\u00e1n, Nagy Lajos, P\u00e1zsi Andrea, Perendi Ildik\u00f3, Pint\u00e9r M\u00f3nika, Somogyi Anik\u00f3 Edina, Szalai Ram\u00f3na Ren\u00e1ta, Vajda L\u00edvia<\/p><\/div><\/div>\n<\/div>\n<\/div><\/div>\n\n\n\n<div class=\"wp-block-uagb-advanced-heading uagb-block-f352a7bc\"><h2 class=\"uagb-heading-text\">1990<\/h2><\/div>\n\n\n\n<div class=\"wp-block-uagb-container uagb-block-6849db6e alignfull uagb-is-root-container\"><div class=\"uagb-container-inner-blocks-wrap\">\n<div class=\"wp-block-uagb-container uagb-block-375db26e\">\n<figure class=\"wp-block-embed is-type-photo is-provider-flickr wp-block-embed-flickr\"><div class=\"wp-block-embed__wrapper\">\n<a href=\"https:\/\/flic.kr\/p\/2oZEBZD\"><img loading=\"lazy\" decoding=\"async\" src=\"https:\/\/live.staticflickr.com\/65535\/53161117051_b13d5b8e06_z.jpg\" alt=\"1990_IVA\" width=\"476\" height=\"640\" \/><\/a>\n<\/div><\/figure>\n<\/div>\n\n\n\n<div class=\"wp-block-uagb-container uagb-block-7482961d\">\n<div class=\"wp-block-uagb-info-box uagb-block-8e41319e uagb-infobox__content-wrap  uagb-infobox-icon-left uagb-infobox-left uagb-infobox-stacked-tablet uagb-infobox-image-valign-middle\"><div class=\"uagb-ifb-content\"><div class=\"uagb-ifb-title-wrap\"><h3 class=\"uagb-ifb-title\">1990 &#8211; IV.A<br>Oszt\u00e1lyf\u0151n\u00f6k: Moln\u00e1r Margit<\/h3><\/div><p class=\"uagb-ifb-desc\">B\u00e9rdi Csaba, B\u00f6csk\u00f6r Hajnalka, Csihar Anita, De\u00e9 Ildik\u00f3, Feh\u00e9r Csaba, Fodor Beatrix, Gosztola Ad\u00e9l, Gosztonyi Hajnalka, Horv\u00e1th Andr\u00e1s, L\u00e1szl\u00f3 Cec\u00edlia, Markos Csilla, Marton Szil\u00e1rd, M\u00e1rkus Krisztina, Mesterh\u00e1zy Tam\u00e1s, M\u00f3ger M\u00f3nika, Moh\u00f3 Edina M\u00e1ria, N\u00e1br\u00e1di Gy\u00f6rgyi, N\u00e9meth Beatrix Eszter, N\u00e9meth \u00c9va, N\u00e9meth Hajnalka, Szab\u00f3 Katalin, Szal\u00f3ky Tibor Istv\u00e1n, Szlama Orsolya, Vass Rita, V\u00f6lgyi Val\u00e9ria<\/p><\/div><\/div>\n<\/div>\n<\/div><\/div>\n\n\n\n<div class=\"wp-block-uagb-container uagb-block-7b11a7e9 alignfull uagb-is-root-container\"><div class=\"uagb-container-inner-blocks-wrap\">\n<div class=\"wp-block-uagb-container uagb-block-de332cba\">\n<figure class=\"wp-block-embed is-type-photo is-provider-flickr wp-block-embed-flickr\"><div class=\"wp-block-embed__wrapper\">\n<a href=\"https:\/\/flic.kr\/p\/2oZH9gt\"><img loading=\"lazy\" decoding=\"async\" src=\"https:\/\/live.staticflickr.com\/65535\/53161609113_5f603dd4c7.jpg\" alt=\"1990_IVB\" width=\"500\" height=\"329\" \/><\/a>\n<\/div><\/figure>\n<\/div>\n\n\n\n<div class=\"wp-block-uagb-container uagb-block-9e5c2853\">\n<div class=\"wp-block-uagb-info-box uagb-block-0cb6e0e5 uagb-infobox__content-wrap  uagb-infobox-icon-left uagb-infobox-left uagb-infobox-stacked-tablet uagb-infobox-image-valign-middle\"><div class=\"uagb-ifb-content\"><div class=\"uagb-ifb-title-wrap\"><h3 class=\"uagb-ifb-title\">1990 &#8211; IV.B<br>Oszt\u00e1lyf\u0151n\u00f6k: Szab\u00f3 Alajos<\/h3><\/div><p class=\"uagb-ifb-desc\">Bagics Bernadett, B\u00e1nyi Krisztina, Beliczky Attila, Budai Barbara Veronika, Cs\u00f3t\u00e1r Lilla, D\u00f6mj\u00e9n Zsuzsanna, Ferenczy Judit, Ferenczy L\u00e1szl\u00f3, Hars\u00e1nyi Beatrix, Horv\u00e1th Krisztina Andrea, Horv\u00e1th Tam\u00e1s Istv\u00e1n, J\u00f3kay Ram\u00f3na Melinda, Kiss J\u00e1nos, Kiss Veronika Zsuzsanna, Kov\u00e1cs G\u00e1bor, Nagy Anik\u00f3, Nagy M\u00f3nika Krisztina, Nemes T\u00edmea, \u00d6lbei T\u00fcnde, P\u00e9ter Andrea, S\u00e1gi Anita, S\u00e1mson \u00c9va, Sebesty\u00e9n \u00c1gnes, Sebesty\u00e9n Anita Zita, Szajkovics Roland, Varga G\u00e1bor, Vincze Tam\u00e1s Vince<\/p><\/div><\/div>\n<\/div>\n<\/div><\/div>\n","protected":false},"excerpt":{"rendered":"<p>Egykori di\u00e1kok 1999 1998 1997 1996 1995 1994 1993 1992 1991 1990<\/p>\n","protected":false},"author":1,"featured_media":0,"parent":869,"menu_order":40,"comment_status":"closed","ping_status":"closed","template":"","meta":{"_uag_custom_page_level_css":"","site-sidebar-layout":"default","site-content-layout":"","ast-site-content-layout":"default","site-content-style":"default","site-sidebar-style":"default","ast-global-header-display":"","ast-banner-title-visibility":"","ast-main-header-display":"","ast-hfb-above-header-display":"","ast-hfb-below-header-display":"","ast-hfb-mobile-header-display":"","site-post-title":"","ast-breadcrumbs-content":"","ast-featured-img":"","footer-sml-layout":"","ast-disable-related-posts":"","theme-transparent-header-meta":"default","adv-header-id-meta":"","stick-header-meta":"default","header-above-stick-meta":"","header-main-stick-meta":"","header-below-stick-meta":"","astra-migrate-meta-layouts":"set","ast-page-background-enabled":"default","ast-page-background-meta":{"desktop":{"background-color":"var(--ast-global-color-4)","background-image":"","background-repeat":"repeat","background-position":"center center","background-size":"auto","background-attachment":"scroll","background-type":"","background-media":"","overlay-type":"","overlay-color":"","overlay-opacity":"","overlay-gradient":""},"tablet":{"background-color":"","background-image":"","background-repeat":"repeat","background-position":"center center","background-size":"auto","background-attachment":"scroll","background-type":"","background-media":"","overlay-type":"","overlay-color":"","overlay-opacity":"","overlay-gradient":""},"mobile":{"background-color":"","background-image":"","background-repeat":"repeat","background-position":"center center","background-size":"auto","background-attachment":"scroll","background-type":"","background-media":"","overlay-type":"","overlay-color":"","overlay-opacity":"","overlay-gradient":""}},"ast-content-background-meta":{"desktop":{"background-color":"var(--ast-global-color-5)","background-image":"","background-repeat":"repeat","background-position":"center center","background-size":"auto","background-attachment":"scroll","background-type":"","background-media":"","overlay-type":"","overlay-color":"","overlay-opacity":"","overlay-gradient":""},"tablet":{"background-color":"var(--ast-global-color-5)","background-image":"","background-repeat":"repeat","background-position":"center center","background-size":"auto","background-attachment":"scroll","background-type":"","background-media":"","overlay-type":"","overlay-color":"","overlay-opacity":"","overlay-gradient":""},"mobile":{"background-color":"var(--ast-global-color-5)","background-image":"","background-repeat":"repeat","background-position":"center center","background-size":"auto","background-attachment":"scroll","background-type":"","background-media":"","overlay-type":"","overlay-color":"","overlay-opacity":"","overlay-gradient":""}},"footnotes":""},"class_list":["post-911","page","type-page","status-publish","hentry"],"uagb_featured_image_src":{"full":false,"thumbnail":false,"medium":false,"medium_large":false,"large":false,"1536x1536":false,"2048x2048":false},"uagb_author_info":{"display_name":"admin","author_link":"https:\/\/berzsenyicell.hu\/index.php\/author\/cbg_admin\/"},"uagb_comment_info":0,"uagb_excerpt":"Egykori di\u00e1kok 1999 1998 1997 1996 1995 1994 1993 1992 1991 1990","_links":{"self":[{"href":"https:\/\/berzsenyicell.hu\/index.php\/wp-json\/wp\/v2\/pages\/911","targetHints":{"allow":["GET"]}}],"collection":[{"href":"https:\/\/berzsenyicell.hu\/index.php\/wp-json\/wp\/v2\/pages"}],"about":[{"href":"https:\/\/berzsenyicell.hu\/index.php\/wp-json\/wp\/v2\/types\/page"}],"author":[{"embeddable":true,"href":"https:\/\/berzsenyicell.hu\/index.php\/wp-json\/wp\/v2\/users\/1"}],"replies":[{"embeddable":true,"href":"https:\/\/berzsenyicell.hu\/index.php\/wp-json\/wp\/v2\/comments?post=911"}],"version-history":[{"count":6,"href":"https:\/\/berzsenyicell.hu\/index.php\/wp-json\/wp\/v2\/pages\/911\/revisions"}],"predecessor-version":[{"id":1278,"href":"https:\/\/berzsenyicell.hu\/index.php\/wp-json\/wp\/v2\/pages\/911\/revisions\/1278"}],"up":[{"embeddable":true,"href":"https:\/\/berzsenyicell.hu\/index.php\/wp-json\/wp\/v2\/pages\/869"}],"wp:attachment":[{"href":"https:\/\/berzsenyicell.hu\/index.php\/wp-json\/wp\/v2\/media?parent=911"}],"curies":[{"name":"wp","href":"https:\/\/api.w.org\/{rel}","templated":true}]}}