{"id":871,"date":"2023-08-14T17:31:58","date_gmt":"2023-08-14T15:31:58","guid":{"rendered":"https:\/\/w2.berzsenyicell.hu\/cbg\/?page_id=871"},"modified":"2023-09-03T16:48:03","modified_gmt":"2023-09-03T14:48:03","slug":"egykori-diakok-2020-tol","status":"publish","type":"page","link":"https:\/\/berzsenyicell.hu\/index.php\/az-iskola-multja\/egykori-diakok\/egykori-diakok-2020-tol\/","title":{"rendered":"Egykori di\u00e1kok 2020-t\u00f3l"},"content":{"rendered":"\n<div class=\"wp-block-uagb-advanced-heading uagb-block-cb6441e4\"><h2 class=\"uagb-heading-text\">2023<\/h2><\/div>\n\n\n\n<div class=\"wp-block-uagb-container uagb-block-2842e5d9 alignfull uagb-is-root-container\"><div class=\"uagb-container-inner-blocks-wrap\">\n<div class=\"wp-block-uagb-container uagb-block-a470519c\">\n<figure class=\"wp-block-embed is-type-photo is-provider-flickr wp-block-embed-flickr\"><div class=\"wp-block-embed__wrapper\">\n<a href=\"https:\/\/flic.kr\/p\/2oZHqek\"><img loading=\"lazy\" decoding=\"async\" src=\"https:\/\/live.staticflickr.com\/65535\/53161662813_8c3493c5cf.jpg\" alt=\"2023_12A\" width=\"500\" height=\"333\" \/><\/a>\n<\/div><\/figure>\n<\/div>\n\n\n\n<div class=\"wp-block-uagb-container uagb-block-6b3eb030\">\n<div class=\"wp-block-uagb-info-box uagb-block-aa5d0962 uagb-infobox__content-wrap  uagb-infobox-icon-left uagb-infobox-left uagb-infobox-stacked-tablet uagb-infobox-image-valign-middle\"><div class=\"uagb-ifb-content\"><div class=\"uagb-ifb-title-wrap\"><h3 class=\"uagb-ifb-title\">2023 &#8211; 12.a<br>Oszt\u00e1lyf\u0151n\u00f6k: N\u00e9methn\u00e9 Benk\u0151 Katalin (Horv\u00e1th Sarolta)<\/h3><\/div><p class=\"uagb-ifb-desc\">Ambrus Laura, B\u00f3di Bal\u00e1zs, Csillag Kinga, Hajas N\u00f3ra, Horv\u00e1th B\u00e1lint, Horv\u00e1th Fanni, Horv\u00e1th L\u00e1szl\u00f3, Horv\u00e1th Lilla, Kiniczki M\u00e1rton, Kov\u00e1cs Csan\u00e1d, K\u00f6rtv\u00e9lyesi B\u00e1lint, Kuck\u00e1r Dorina Eszter, Lamp\u00e9rt M\u00e1ty\u00e1s, Malina Orland\u00f3, Nagy Katalin, Nemes Gerg\u0151, Nemes R\u00e9ka, N\u00e9meth Anna, Peth\u0151 Csenge Nikolett, Pint\u00e9r Szabrina, R\u00e9vfi Dalma, Seb\u0151k Tam\u00e1s Roland, Szab\u00f3 M\u00e1rton, Sz\u00e9p Daniella<\/p><\/div><\/div>\n<\/div>\n<\/div><\/div>\n\n\n\n<div class=\"wp-block-uagb-container uagb-block-0ed61afc alignfull uagb-is-root-container\"><div class=\"uagb-container-inner-blocks-wrap\">\n<div class=\"wp-block-uagb-container uagb-block-8ec4a836\">\n<figure class=\"wp-block-embed is-type-photo is-provider-flickr wp-block-embed-flickr\"><div class=\"wp-block-embed__wrapper\">\n<a href=\"https:\/\/flic.kr\/p\/2oZH6jd\"><img loading=\"lazy\" decoding=\"async\" src=\"https:\/\/live.staticflickr.com\/65535\/53161599180_5795b8fd33.jpg\" alt=\"2023_12B\" width=\"500\" height=\"333\" \/><\/a>\n<\/div><\/figure>\n<\/div>\n\n\n\n<div class=\"wp-block-uagb-container uagb-block-e8da24ba\">\n<div class=\"wp-block-uagb-info-box uagb-block-0a675f3e uagb-infobox__content-wrap  uagb-infobox-icon-left uagb-infobox-left uagb-infobox-stacked-tablet uagb-infobox-image-valign-middle\"><div class=\"uagb-ifb-content\"><div class=\"uagb-ifb-title-wrap\"><h3 class=\"uagb-ifb-title\">2023 &#8211; 12.b<br>Oszt\u00e1lyf\u0151n\u00f6k: F\u00f3di Georgina Vivien<\/h3><\/div><p class=\"uagb-ifb-desc\">B\u00edr\u00f3 B\u00e1lint, Buz\u00e1s Vikt\u00f3ria, Cziki Adri\u00e1n L\u00e1szl\u00f3, Feh\u00e9r Alexandra, F\u00fczesi Istv\u00e1n, Gudui Eszter, Horv\u00e1th J\u00e1nos, Horv\u00e1th Zsombor, Kerekes G\u00e1bor, Lecsek Luca, Marton \u00c1d\u00e1m, Nagy M\u00e1t\u00e9, Nagy No\u00e9mi, Papp Dorottya, Papp Fruzsina, Pup S\u00e1ra, R\u00e1ba Anna, Rosta Bence, Somogyi Petra, S\u00fcle Patrik, Szakonyi Berta, Szakonyi Bora, Tak\u00e1cs Erik, Tam\u00e1s D\u00f3ra No\u00e9mi, Varga Luca, Vass P\u00e9ter, Zefer Vivien Kamila<\/p><\/div><\/div>\n<\/div>\n<\/div><\/div>\n\n\n\n<div class=\"wp-block-uagb-advanced-heading uagb-block-aa595a58\"><h2 class=\"uagb-heading-text\">2022<\/h2><\/div>\n\n\n\n<div class=\"wp-block-uagb-container uagb-block-fa3abb23 alignfull uagb-is-root-container\"><div class=\"uagb-container-inner-blocks-wrap\">\n<div class=\"wp-block-uagb-container uagb-block-5b4e5811\"><\/div>\n\n\n\n<div class=\"wp-block-uagb-container uagb-block-42eeea24\">\n<div class=\"wp-block-uagb-info-box uagb-block-06d1681d uagb-infobox__content-wrap  uagb-infobox-icon-left uagb-infobox-left uagb-infobox-stacked-tablet uagb-infobox-image-valign-middle\"><div class=\"uagb-ifb-content\"><div class=\"uagb-ifb-title-wrap\"><h3 class=\"uagb-ifb-title\">2022 &#8211; 12.a<br>Oszt\u00e1lyf\u0151n\u00f6k: K\u00e1ntor Judit M\u00e1ria<\/h3><\/div><p class=\"uagb-ifb-desc\">Balazatics Vanda, Barab\u00e1s Hanna, Berta Dorotea S\u00e1ra, Bicz\u00f3 Karina, Cs\u00e1kv\u00e1ri Panna, Csisz\u00e1r J\u00e1zmin, Csizm\u00e1r Leila Zsanett, Egerszegi Luca, Egri Lili\u00e1na Kasszandra, Garai N\u00f3ra, G\u00e9czy Zolt\u00e1n L\u00e1szl\u00f3, Gelesits Luca, Giron Fanni, Hark\u00e1ly Lizett, Horv\u00e1th Eszter, Horv\u00e1th Stella, Kar\u00e1th N\u00f3ra, K\u00e1zm\u00e9r Bal\u00e1zs, Kov\u00e1cs Korn\u00e9l, Lakatos Loretta Dorina, Moln\u00e1r Lajos, Nagy Melissza, Nemes Adri\u00e1n, N\u00e9meth Zseraldina, \u0150ri Dorina, Tomasits \u00c1d\u00e1m, V\u00e9gh Anna, Zubor Dorka<\/p><\/div><\/div>\n<\/div>\n<\/div><\/div>\n\n\n\n<div class=\"wp-block-uagb-container uagb-block-80af8ef3 alignfull uagb-is-root-container\"><div class=\"uagb-container-inner-blocks-wrap\">\n<div class=\"wp-block-uagb-container uagb-block-905e102f\"><\/div>\n\n\n\n<div class=\"wp-block-uagb-container uagb-block-d9707e08\">\n<div class=\"wp-block-uagb-info-box uagb-block-c311b440 uagb-infobox__content-wrap  uagb-infobox-icon-left uagb-infobox-left uagb-infobox-stacked-tablet uagb-infobox-image-valign-middle\"><div class=\"uagb-ifb-content\"><div class=\"uagb-ifb-title-wrap\"><h3 class=\"uagb-ifb-title\">2022 &#8211; 12.b<br>Oszt\u00e1lyf\u0151n\u00f6k: Szak\u00e1csn\u00e9 Bindics T\u00fcnde<\/h3><\/div><p class=\"uagb-ifb-desc\">B\u00e1rdossy Bence, Berghoffer R\u00e9ka, Berki Al\u00edz Vir\u00e1g, Bertalan Anna, Cz\u00f6nd\u00f6r Gerg\u0151 Zolt\u00e1n, Csik Rebeka, Fony\u00f3 M\u00e1t\u00e9, Galovich Lili, Horv\u00e1th Erik M\u00e1t\u00e9, Horv\u00e1th Evelin, Horv\u00e1th Vivien, Hujbert Martin, Janzs\u00f3 Soma, Lendvai Martin, Lenner Andr\u00e1s Tibor, L\u0151rincz \u00c1d\u00e1m L\u00e1szl\u00f3, Marton Luca, N\u00e9meth Dorka, N\u00e9meth Eszter, \u00d3dor M\u00e1t\u00e9, P\u00e1l Kata, P\u00e9ter M\u00e1rk, Pirka Dominik, R\u00f3zs\u00e1s R\u00e1hel \u00cdrisz, Schinkovics Eszter, Somogyi Tam\u00e1s, Tak\u00e1cs \u00c1bel, Tak\u00e1cs Liza, T\u00f3th Anett<\/p><\/div><\/div>\n<\/div>\n<\/div><\/div>\n\n\n\n<div class=\"wp-block-uagb-advanced-heading uagb-block-2b2e5112\"><h2 class=\"uagb-heading-text\">2021<\/h2><\/div>\n\n\n\n<div class=\"wp-block-uagb-container uagb-block-9c5e2cde alignfull uagb-is-root-container\"><div class=\"uagb-container-inner-blocks-wrap\">\n<div class=\"wp-block-uagb-container uagb-block-d796cd36\"><\/div>\n\n\n\n<div class=\"wp-block-uagb-container uagb-block-24078d22\">\n<div class=\"wp-block-uagb-info-box uagb-block-1cd43789 uagb-infobox__content-wrap  uagb-infobox-icon-left uagb-infobox-left uagb-infobox-stacked-tablet uagb-infobox-image-valign-middle\"><div class=\"uagb-ifb-content\"><div class=\"uagb-ifb-title-wrap\"><h3 class=\"uagb-ifb-title\">2021 &#8211; 12.a<br>Oszt\u00e1lyf\u0151n\u00f6k: N\u00e9methn\u00e9 Benk\u0151 Katalin<\/h3><\/div><p class=\"uagb-ifb-desc\">Bar\u00e1th Eszter, Berghoffer N\u00f3ra, Csonka Petra, D\u00e9nes Dzsenifer Emma, F\u00fcrd\u0151s Laura, Gudui Gerg\u0151, H\u00e9rincs Frida, Honv\u00e9d Patrik, Horv\u00e1th R\u00e9ka, J\u00f3zsa Dominik Imre, K\u00e1mi Helga, Kelemen K\u00edra, Keresztes M\u00e1rk Benedek, Keszei Tam\u00e1s Gy\u00f6rgy, K\u00f3ka Panna, K\u0151v\u00e1ri S\u00e1ndor Gerg\u0151, Kupi Eszter, Mestery Anna Inez, Nagy Kitti Katalin, Nagy Kriszti\u00e1n, Nagy Kriszti\u00e1n, \u0150ri Vikt\u00f3ria, Rabi Martina, Szab\u00f3 Bence, Taksonyi Alexandra Magdolna, T\u00f3th No\u00e9mi, Varga Henrietta, Zubor Nikolett<\/p><\/div><\/div>\n<\/div>\n<\/div><\/div>\n\n\n\n<div class=\"wp-block-uagb-container uagb-block-5bd66430 alignfull uagb-is-root-container\"><div class=\"uagb-container-inner-blocks-wrap\">\n<div class=\"wp-block-uagb-container uagb-block-f062e043\"><\/div>\n\n\n\n<div class=\"wp-block-uagb-container uagb-block-15a454e6\">\n<div class=\"wp-block-uagb-info-box uagb-block-09149b20 uagb-infobox__content-wrap  uagb-infobox-icon-left uagb-infobox-left uagb-infobox-stacked-tablet uagb-infobox-image-valign-middle\"><div class=\"uagb-ifb-content\"><div class=\"uagb-ifb-title-wrap\"><h3 class=\"uagb-ifb-title\">2021 &#8211; 12.b<br>Oszt\u00e1lyf\u0151n\u00f6k: Dr. B\u00e9rdin\u00e9 Stipkovits Ildik\u00f3<\/h3><\/div><p class=\"uagb-ifb-desc\">Bagarus D\u00f3ra, B\u00e1lint M\u00e1t\u00e9, Baranyai Krist\u00f3f, Berki Zsolt Gy\u00f6rgy, Ferenczi Franciska, Folta Marcell, F\u00fcl\u00f6p Soma, Ga\u00e1l Fruzsina, Giczi Szandra, Gy\u00f6re \u00c1bel, Hajba Klaudia, Hajm\u00e1si D\u00f3ra, Holl\u00f3sy Bal\u00e1zs, Horv\u00e1th Tam\u00e1s J\u00f3zsef, Jakab Fl\u00f3ra Panna, Kamondi D\u00f3ra Vikt\u00f3ria, K\u00f3bor Bianka, Kov\u00e1cs Ad\u00e9l, Kov\u00e1cs Luca, Lendvai Lili, Moln\u00e1r Orsolya, Moln\u00e1r Vivien J\u00e1zmin, M\u00f3rocz M\u00e1t\u00e9, Nagy Cintia L\u00edvia, Piller D\u00e1vid, P\u0151cze D\u00e1niel, Somogyi Tam\u00e1s, Szab\u00f3 Krist\u00f3f, Tarsoly Zal\u00e1n, T\u00f3th Petra, Varga Friderika, Vas Anett<\/p><\/div><\/div>\n<\/div>\n<\/div><\/div>\n\n\n\n<div class=\"wp-block-uagb-container uagb-block-4f0f3f7b alignfull uagb-is-root-container\"><div class=\"uagb-container-inner-blocks-wrap\">\n<div class=\"wp-block-uagb-container uagb-block-facc5dbd\"><\/div>\n\n\n\n<div class=\"wp-block-uagb-container uagb-block-51c65584\">\n<div class=\"wp-block-uagb-info-box uagb-block-2b1a6475 uagb-infobox__content-wrap  uagb-infobox-icon-left uagb-infobox-left uagb-infobox-stacked-tablet uagb-infobox-image-valign-middle\"><div class=\"uagb-ifb-content\"><div class=\"uagb-ifb-title-wrap\"><h3 class=\"uagb-ifb-title\">2021 &#8211; 12.h<br>Oszt\u00e1lyf\u0151n\u00f6k: Guly\u00e1sn\u00e9 Tinger T\u00fcnde<\/h3><\/div><p class=\"uagb-ifb-desc\">Balogh M\u00e1t\u00e9, Bolla J\u00falia, Cs\u00f3t\u00e1r Csaba, Hajba Domonkos, Hajba S\u00e1ra Lilla, Hark\u00e1ly B\u00e1lint R\u00f3bert, Kerekes Csaba, Kir\u00e1ly Dorina Szonja, K\u00f3ka \u00c1d\u00e1m, Kreiner Klaudia Liza, Mestery Dorottya, N\u00e9meth \u00c1d\u00e1m Soma, N\u00e9meth Tam\u00e1s, N\u00e9meth Zal\u00e1n Botond, Peth\u0151 Zal\u00e1n K\u00e1lm\u00e1n, Piri Rebeka Vivien, Szab\u00f3 Tam\u00e1s Mikl\u00f3s, Szalay Eszter, Szemeti Alexandra, Sz\u00fccs Bogl\u00e1rka Eliza, Tarczi Kinga, Veszpr\u00e9mi P\u00e9ter, Vravuska Bence Bal\u00e1zs<\/p><\/div><\/div>\n<\/div>\n<\/div><\/div>\n\n\n\n<div class=\"wp-block-uagb-advanced-heading uagb-block-1c7959f0\"><h2 class=\"uagb-heading-text\">2020<\/h2><\/div>\n\n\n\n<div class=\"wp-block-uagb-container uagb-block-c29a4a17 alignfull uagb-is-root-container\"><div class=\"uagb-container-inner-blocks-wrap\">\n<div class=\"wp-block-uagb-container uagb-block-ebb04f5d\"><\/div>\n\n\n\n<div class=\"wp-block-uagb-container uagb-block-25d02c4b\">\n<div class=\"wp-block-uagb-info-box uagb-block-350c1785 uagb-infobox__content-wrap  uagb-infobox-icon-left uagb-infobox-left uagb-infobox-stacked-tablet uagb-infobox-image-valign-middle\"><div class=\"uagb-ifb-content\"><div class=\"uagb-ifb-title-wrap\"><h3 class=\"uagb-ifb-title\">2020 &#8211; 12.a<br>Oszt\u00e1lyf\u0151n\u00f6k: Salamonn\u00e9 Cs\u00f3t\u00e1r Adrienn<\/h3><\/div><p class=\"uagb-ifb-desc\">Bella Szabina, Fekete Luca, Ferenczy Katica, Horv\u00e1th Florencia Dorina, Horv\u00e1th Marcell, Kov\u00e1cs Krist\u00f3f L\u00e1szl\u00f3, M\u00f3d Csenge, Moln\u00e1r Erik, Somogyi Mara, Szab\u00f3 Csaba, Szab\u00f3 Leila, Szab\u00f3 Zsolt, Sz\u0151ll\u0151si Barnab\u00e1s R\u00f3bert, Tak\u00e1cs Enik\u0151, Tanai L\u00e1szl\u00f3, Vincze Ol\u00edvia Katalin<\/p><\/div><\/div>\n<\/div>\n<\/div><\/div>\n\n\n\n<div class=\"wp-block-uagb-container uagb-block-8bb5035f alignfull uagb-is-root-container\"><div class=\"uagb-container-inner-blocks-wrap\">\n<div class=\"wp-block-uagb-container uagb-block-59b9f970\"><\/div>\n\n\n\n<div class=\"wp-block-uagb-container uagb-block-31fba346\">\n<div class=\"wp-block-uagb-info-box uagb-block-57f611d6 uagb-infobox__content-wrap  uagb-infobox-icon-left uagb-infobox-left uagb-infobox-stacked-tablet uagb-infobox-image-valign-middle\"><div class=\"uagb-ifb-content\"><div class=\"uagb-ifb-title-wrap\"><h3 class=\"uagb-ifb-title\">2020 &#8211; 12.b<br>Oszt\u00e1lyf\u0151n\u00f6k: Szomju Tam\u00e1s<\/h3><\/div><p class=\"uagb-ifb-desc\">\u00c1rvai Krist\u00f3f G\u00e1bor, Bal\u00e1s Endre, Bukovics Dominika Anna, Csisz\u00e1r Vivien, D\u00f6br\u00f6ntei B\u00e1lint, Fekete R\u00e9ka, Galovich M\u00e1t\u00e9, Husz\u00e1r Petra Patr\u00edcia, K\u00e1mi Tam\u00e1s D\u00e1vid, Kiss Benedek, Kiss Zal\u00e1n \u00c1kos, Marton D\u00e1niel, Mayer Barbara, Mestery M\u00e1rton, Mogyor\u00f3si Vir\u00e1g Eszter, Rada Bence, Szak\u00e1cs Rebeka, Szerdahelyi Petra, Tak\u00e1cs S\u00e1ndor, T\u00f3th G\u00e1bor<\/p><\/div><\/div>\n<\/div>\n<\/div><\/div>\n\n\n\n<div class=\"wp-block-uagb-container uagb-block-2fa17428 alignfull uagb-is-root-container\"><div class=\"uagb-container-inner-blocks-wrap\">\n<div class=\"wp-block-uagb-container uagb-block-846453e0\"><\/div>\n\n\n\n<div class=\"wp-block-uagb-container uagb-block-c959b915\">\n<div class=\"wp-block-uagb-info-box uagb-block-cb37eed6 uagb-infobox__content-wrap  uagb-infobox-icon-left uagb-infobox-left uagb-infobox-stacked-tablet uagb-infobox-image-valign-middle\"><div class=\"uagb-ifb-content\"><div class=\"uagb-ifb-title-wrap\"><h3 class=\"uagb-ifb-title\">2020 &#8211; 12.h<br>Oszt\u00e1lyf\u0151n\u00f6k: Kissn\u00e9 T\u00f3th Gabriella<\/h3><\/div><p class=\"uagb-ifb-desc\">Albert Petra, Bakonyi Bertalan, B\u00e1ndoli Bianka, Csabina Alexa Lili\u00e1na, Feh\u00e9r Katalin, Hencz Merc\u00e9desz, Horv\u00e1th Kincs\u0151 Dorka, Horv\u00e1th Lili\u00e1na, Imre Bal\u00e1zs, Kontics P\u00e9ter, Kov\u00e1cs Kitti Panka, Lenner Luca Anna, Nagy \u00c1d\u00e1m, Nagy D\u00e1vid, Nagy Nat\u00e1lia, Nagy Nat\u00e1lia Mirella, Peth\u0151 Botond Imre, Rozman L\u00eddia, Salamon Zal\u00e1n, Solazzo Marl\u00e9ne, Szabados Bence, Szemenyei Ad\u00e9l Beatrix, Telek Arnold Krist\u00f3f<\/p><\/div><\/div>\n<\/div>\n<\/div><\/div>\n","protected":false},"excerpt":{"rendered":"<p>2023 2022 2021 2020<\/p>\n","protected":false},"author":1,"featured_media":0,"parent":869,"menu_order":10,"comment_status":"closed","ping_status":"closed","template":"","meta":{"_uag_custom_page_level_css":"","site-sidebar-layout":"default","site-content-layout":"","ast-site-content-layout":"default","site-content-style":"default","site-sidebar-style":"default","ast-global-header-display":"","ast-banner-title-visibility":"","ast-main-header-display":"","ast-hfb-above-header-display":"","ast-hfb-below-header-display":"","ast-hfb-mobile-header-display":"","site-post-title":"","ast-breadcrumbs-content":"","ast-featured-img":"","footer-sml-layout":"","ast-disable-related-posts":"","theme-transparent-header-meta":"default","adv-header-id-meta":"","stick-header-meta":"default","header-above-stick-meta":"","header-main-stick-meta":"","header-below-stick-meta":"","astra-migrate-meta-layouts":"set","ast-page-background-enabled":"default","ast-page-background-meta":{"desktop":{"background-color":"var(--ast-global-color-4)","background-image":"","background-repeat":"repeat","background-position":"center center","background-size":"auto","background-attachment":"scroll","background-type":"","background-media":"","overlay-type":"","overlay-color":"","overlay-opacity":"","overlay-gradient":""},"tablet":{"background-color":"","background-image":"","background-repeat":"repeat","background-position":"center center","background-size":"auto","background-attachment":"scroll","background-type":"","background-media":"","overlay-type":"","overlay-color":"","overlay-opacity":"","overlay-gradient":""},"mobile":{"background-color":"","background-image":"","background-repeat":"repeat","background-position":"center center","background-size":"auto","background-attachment":"scroll","background-type":"","background-media":"","overlay-type":"","overlay-color":"","overlay-opacity":"","overlay-gradient":""}},"ast-content-background-meta":{"desktop":{"background-color":"var(--ast-global-color-5)","background-image":"","background-repeat":"repeat","background-position":"center center","background-size":"auto","background-attachment":"scroll","background-type":"","background-media":"","overlay-type":"","overlay-color":"","overlay-opacity":"","overlay-gradient":""},"tablet":{"background-color":"var(--ast-global-color-5)","background-image":"","background-repeat":"repeat","background-position":"center center","background-size":"auto","background-attachment":"scroll","background-type":"","background-media":"","overlay-type":"","overlay-color":"","overlay-opacity":"","overlay-gradient":""},"mobile":{"background-color":"var(--ast-global-color-5)","background-image":"","background-repeat":"repeat","background-position":"center center","background-size":"auto","background-attachment":"scroll","background-type":"","background-media":"","overlay-type":"","overlay-color":"","overlay-opacity":"","overlay-gradient":""}},"footnotes":""},"class_list":["post-871","page","type-page","status-publish","hentry"],"uagb_featured_image_src":{"full":false,"thumbnail":false,"medium":false,"medium_large":false,"large":false,"1536x1536":false,"2048x2048":false},"uagb_author_info":{"display_name":"admin","author_link":"https:\/\/berzsenyicell.hu\/index.php\/author\/cbg_admin\/"},"uagb_comment_info":0,"uagb_excerpt":"2023 2022 2021 2020","_links":{"self":[{"href":"https:\/\/berzsenyicell.hu\/index.php\/wp-json\/wp\/v2\/pages\/871","targetHints":{"allow":["GET"]}}],"collection":[{"href":"https:\/\/berzsenyicell.hu\/index.php\/wp-json\/wp\/v2\/pages"}],"about":[{"href":"https:\/\/berzsenyicell.hu\/index.php\/wp-json\/wp\/v2\/types\/page"}],"author":[{"embeddable":true,"href":"https:\/\/berzsenyicell.hu\/index.php\/wp-json\/wp\/v2\/users\/1"}],"replies":[{"embeddable":true,"href":"https:\/\/berzsenyicell.hu\/index.php\/wp-json\/wp\/v2\/comments?post=871"}],"version-history":[{"count":23,"href":"https:\/\/berzsenyicell.hu\/index.php\/wp-json\/wp\/v2\/pages\/871\/revisions"}],"predecessor-version":[{"id":2300,"href":"https:\/\/berzsenyicell.hu\/index.php\/wp-json\/wp\/v2\/pages\/871\/revisions\/2300"}],"up":[{"embeddable":true,"href":"https:\/\/berzsenyicell.hu\/index.php\/wp-json\/wp\/v2\/pages\/869"}],"wp:attachment":[{"href":"https:\/\/berzsenyicell.hu\/index.php\/wp-json\/wp\/v2\/media?parent=871"}],"curies":[{"name":"wp","href":"https:\/\/api.w.org\/{rel}","templated":true}]}}